{"id":107,"date":"2017-07-18T20:52:17","date_gmt":"2017-07-18T18:52:17","guid":{"rendered":"http:\/\/ses-lfz.ch\/sesnet\/?page_id=107"},"modified":"2018-05-05T10:25:24","modified_gmt":"2018-05-05T08:25:24","slug":"chapitre-6-le-role-economique-des-pouvoirs-publics-et-les-politiques-conjoncturelles","status":"publish","type":"page","link":"http:\/\/ses-lfz.ch\/sesnet\/premiere-es\/chapitre-6-le-role-economique-des-pouvoirs-publics-et-les-politiques-conjoncturelles\/","title":{"rendered":"Chapitre 6 : Le r\u00f4le \u00e9conomique des pouvoirs publics et les politiques conjoncturelles"},"content":{"rendered":"<h4><\/h4>\n<h4>Ce que dit le programme<\/h4>\n<p><b>I Pourquoi la puissance publique intervient-elle dans la r\u00e9gulation des \u00e9conomies contemporaines\u00a0?<\/b><\/p>\n<p><em>Notions :\u00a0<\/em>Fonctions \u00e9conomiques de l&rsquo;\u00c9tat (allocation, r\u00e9partition, stabilisation)<\/p>\n<p><em>Indications compl\u00e9mentaires :\u00a0<\/em>En faisant r\u00e9f\u00e9rence aux d\u00e9faillances de march\u00e9 \u00e9tudi\u00e9es pr\u00e9c\u00e9demment et \u00e0 la possibilit\u00e9 de d\u00e9s\u00e9quilibres macro\u00e9conomiques, on \u00e9tudiera les fonctions de r\u00e9gulation \u00e9conomique de la puissance publique en insistant sur l&rsquo;importance du cadre r\u00e9glementaire dans lequel s&rsquo;exercent les activit\u00e9s \u00e9conomiques. On pr\u00e9sentera bri\u00e8vement les principaux niveaux d&rsquo;intervention (notamment europ\u00e9en, national et local).<\/p>\n<p><b>II Comment le budget de l&rsquo;\u00c9tat permet-il d&rsquo;agir sur l&rsquo;\u00e9conomie\u00a0?<\/b><\/p>\n<p><em>Notions :<\/em>\u00a0Pr\u00e9l\u00e8vements obligatoires, d\u00e9penses publiques, d\u00e9ficit public, dette publique<\/p>\n<p><em>Indications compl\u00e9mentaires : <\/em>On d\u00e9crira la structure du budget de l&rsquo;\u00c9tat et de l&rsquo;ensemble des administrations publiques, en donnant des ordres de grandeur. On insistera sur les notions de production non marchande et de pr\u00e9l\u00e8vements obligatoires. On montrera, \u00e0 l&rsquo;aide d&rsquo;exemples (fiscalit\u00e9 \u00e9cologique, cr\u00e9dit d&rsquo;imp\u00f4t pour les aides \u00e0 domicile ou pour les dons aux associations, etc.) qu&rsquo;en changeant les prix relatifs ou les r\u00e9mun\u00e9rations nettes, les imp\u00f4ts et taxes modifient les incitations des agents.<em><br \/>\n<\/em><\/p>\n<p><b>III Quelles politiques conjoncturelles\u00a0?<\/b><\/p>\n<p><em>Notions :\u00a0<\/em>Demande globale, inflation, ch\u00f4mage, d\u00e9s\u00e9quilibre ext\u00e9rieur, politique budg\u00e9taire, politique mon\u00e9taire<\/p>\n<p><em>Indications compl\u00e9mentaires : <\/em>On pr\u00e9sentera les principaux d\u00e9s\u00e9quilibres macro\u00e9conomiques et leurs instruments de mesure. On montrera comment ils sont li\u00e9s \u00e0 la dynamique de la demande globale.<\/p>\n<p>En s&rsquo;appuyant sur les d\u00e9veloppements du point 5.2, on montrera comment les pouvoirs publics peuvent utiliser la politique budg\u00e9taire pour agir sur les d\u00e9s\u00e9quilibres. En se r\u00e9f\u00e9rant au point 4.3, on pr\u00e9sentera \u00e9galement les moyens d&rsquo;action des banques centrales (notamment la Banque centrale europ\u00e9enne) et leur r\u00f4le dans la r\u00e9gulation conjoncturelle de l&rsquo;activit\u00e9 \u00e9conomique<\/p>\n<p><em>\u00a0<\/em><\/p>\n<h4>Ressources vid\u00e9os :<\/h4>\n<p>Vid\u00e9o 1 : Les fonctions \u00e9conomiques de l\u2019\u00c9tat<br \/>\n<iframe loading=\"lazy\" src=\"https:\/\/www.youtube.com\/embed\/NEgv9E75Nkg\" width=\"560\" height=\"315\" frameborder=\"0\" allowfullscreen=\"allowfullscreen\"><\/iframe><\/p>\n<p>&nbsp;<\/p>\n<p>Vid\u00e9o 2 : Le budget de l\u2019\u00c9tat<br \/>\n<iframe loading=\"lazy\" src=\"https:\/\/www.youtube.com\/embed\/NxC69BYwEsw\" width=\"560\" height=\"315\" frameborder=\"0\" allowfullscreen=\"allowfullscreen\"><\/iframe><\/p>\n<p>&nbsp;<\/p>\n<p>Vid\u00e9o 3 : Quelles politiques conjoncturelles ?<br \/>\n<iframe loading=\"lazy\" src=\"https:\/\/www.youtube.com\/embed\/zghmvZaBT4g\" width=\"560\" height=\"315\" frameborder=\"0\" allowfullscreen=\"allowfullscreen\"><\/iframe><\/p>\n<p>&nbsp;<\/p>\n<p>Vid\u00e9o 4 : Dessine-moi l&rsquo;\u00e9co : Aust\u00e9rit\u00e9 ou relance, comment \u00e7a marche ?<br \/>\n<iframe loading=\"lazy\" src=\"https:\/\/www.youtube.com\/embed\/rgiUVuzGxe0\" width=\"560\" height=\"315\" frameborder=\"0\" allowfullscreen=\"allowfullscreen\"><\/iframe><\/p>\n","protected":false},"excerpt":{"rendered":"<p>Ce que dit le programme I Pourquoi la puissance publique intervient-elle dans la r\u00e9gulation des \u00e9conomies contemporaines\u00a0? Notions :\u00a0Fonctions \u00e9conomiques de l&rsquo;\u00c9tat (allocation, r\u00e9partition, stabilisation) Indications compl\u00e9mentaires :\u00a0En faisant r\u00e9f\u00e9rence aux d\u00e9faillances de march\u00e9 \u00e9tudi\u00e9es pr\u00e9c\u00e9demment et \u00e0 la possibilit\u00e9 de d\u00e9s\u00e9quilibres macro\u00e9conomiques, on \u00e9tudiera les fonctions de r\u00e9gulation \u00e9conomique de la puissance publique en [&hellip;]<\/p>\n","protected":false},"author":1,"featured_media":0,"parent":9,"menu_order":0,"comment_status":"closed","ping_status":"closed","template":"","meta":{"footnotes":""},"_links":{"self":[{"href":"http:\/\/ses-lfz.ch\/sesnet\/wp-json\/wp\/v2\/pages\/107"}],"collection":[{"href":"http:\/\/ses-lfz.ch\/sesnet\/wp-json\/wp\/v2\/pages"}],"about":[{"href":"http:\/\/ses-lfz.ch\/sesnet\/wp-json\/wp\/v2\/types\/page"}],"author":[{"embeddable":true,"href":"http:\/\/ses-lfz.ch\/sesnet\/wp-json\/wp\/v2\/users\/1"}],"replies":[{"embeddable":true,"href":"http:\/\/ses-lfz.ch\/sesnet\/wp-json\/wp\/v2\/comments?post=107"}],"version-history":[{"count":14,"href":"http:\/\/ses-lfz.ch\/sesnet\/wp-json\/wp\/v2\/pages\/107\/revisions"}],"predecessor-version":[{"id":1118,"href":"http:\/\/ses-lfz.ch\/sesnet\/wp-json\/wp\/v2\/pages\/107\/revisions\/1118"}],"up":[{"embeddable":true,"href":"http:\/\/ses-lfz.ch\/sesnet\/wp-json\/wp\/v2\/pages\/9"}],"wp:attachment":[{"href":"http:\/\/ses-lfz.ch\/sesnet\/wp-json\/wp\/v2\/media?parent=107"}],"curies":[{"name":"wp","href":"https:\/\/api.w.org\/{rel}","templated":true}]}}