{"id":1224,"date":"2018-06-11T07:24:50","date_gmt":"2018-06-11T05:24:50","guid":{"rendered":"http:\/\/ses-lfz.ch\/sesnet\/?page_id=1224"},"modified":"2018-06-11T07:45:12","modified_gmt":"2018-06-11T05:45:12","slug":"liberte-dinformer-secret-des-affaires-et-fake-news","status":"publish","type":"page","link":"http:\/\/ses-lfz.ch\/sesnet\/emc\/emc-premiere\/ressources-par-themes\/liberte-dinformer-secret-des-affaires-et-fake-news\/","title":{"rendered":"Libert\u00e9 d&rsquo;informer, secret des affaires et \u00ab\u00a0fake news\u00a0\u00bb"},"content":{"rendered":"<h4>PARTIE 1 : En quoi consiste la loi la loi contre les \u00ab\u00a0fake news\u00a0\u00bb ?<\/h4>\n<p>sources : <a href=\"https:\/\/www.francetvinfo.fr\/economie\/medias\/video-dis-franceinfo-c-est-quoi-la-loi-contre-les-fake-news_2788517.html\">Francetvinfo.fr<\/a><\/p>\n<p class=\"chapo\">D\u00e8s jeudi 7 juin , les d\u00e9put\u00e9s examinent\u00a0un projet de loi visant \u00e0 lutter contre \u00ab\u00a0la manipulation de l&rsquo;information\u00a0\u00bb en France. En quoi consiste exactement cette loi\u00a0anti-fake news\u00a0? Comment sera-t-elle appliqu\u00e9e\u00a0? El\u00e9ments de r\u00e9ponse avec notre assistant personnel.<\/p>\n<p><iframe loading=\"lazy\" src=\"\/\/embedftv-a.akamaihd.net\/e1003b072c266ddd87c9c4b9507028c3\" width=\"560\" height=\"315\" frameborder=\"0\" scrolling=\"no\" allowfullscreen=\"allowfullscreen\"><\/iframe><\/p>\n<p>Face aux \u00ab\u00a0fake news\u00a0\u00bb, ces fausses informations visant \u00e0 manipuler l&rsquo;opinion, quelle strat\u00e9gie faut-il adopter ? Les d\u00e9put\u00e9s se penchent sur cette question sensible, jeudi 7 juin. Ils examinent en premi\u00e8re lecture un projet de loi controvers\u00e9 du gouvernement visant \u00e0 lutter contre \u00ab\u00a0la manipulation de l&rsquo;information\u00a0\u00bb en France en p\u00e9riode \u00e9lectorale. Deux propositions de loi \u2013 une ordinaire et une loi organique concernant les scrutins pr\u00e9sidentiels \u2013 sont \u00e0 l&rsquo;\u00e9tude sur le sujet au Palais-Bourbon.<\/p>\n<p>Pourquoi l\u00e9gif\u00e9rer face au ph\u00e9nom\u00e8ne des \u00ab\u00a0fake news\u00a0\u00bb ? Que comprend cette loi et comment pourra-t-elle \u00eatre appliqu\u00e9e ? Franceinfo vous apporte plusieurs \u00e9l\u00e9ments de r\u00e9ponse.<\/p>\n<p>Pourquoi une loi contre les \u00ab\u00a0fake news\u00a0\u00bb ?<\/p>\n<p>L&rsquo;id\u00e9e est n\u00e9e \u00e0 l&rsquo;issue des derni\u00e8res \u00e9lections pr\u00e9sidentielles, en France comme aux Etats-Unis. Au cours de ces r\u00e9centes campagnes, bon nombre d&rsquo;intox visant des candidats\u00a0\u2013 tels\u00a0Hillary Clinton et <a href=\"https:\/\/www.francetvinfo.fr\/politique\/emmanuel-macron\/\">Emmanuel Macron<\/a>\u00a0\u2013 ont largement circul\u00e9 en ligne. Si l&rsquo;issue du scrutin fran\u00e7ais n&rsquo;a, semble-t-il, pas \u00e9t\u00e9 affect\u00e9e par ces rumeurs,\u00a0les \u00ab\u00a0fake news\u00a0\u00bb sont\u00a0accus\u00e9es d&rsquo;avoir influenc\u00e9 l&rsquo;\u00e9lection pr\u00e9sidentielle outre-Atlantique, en faveur de Donald Trump.<\/p>\n<p>Dans ce contexte, le pr\u00e9sident de la R\u00e9publique, Emmanuel Macron, a d\u00e9cid\u00e9 d&rsquo;intervenir. Lors de ses v\u0153ux<em>\u00a0<\/em>\u00e0 la presse,\u00a0mercredi 3\u00a0janvier, le chef de l&rsquo;Etat <a href=\"https:\/\/www.francetvinfo.fr\/economie\/emploi\/metiers\/droit-et-justice\/emmanuel-macron-annonce-une-loi-contre-les-fake-news_2543847.html\" target=\"_blank\" rel=\"noopener\">a annonc\u00e9<\/a> un projet de loi visant \u00e0\u00a0emp\u00eacher la propagation de\u00a0fausses informations, d&rsquo;une <em>\u00ab\u00a0propagande\u00a0\u00bb,<\/em> en p\u00e9riode \u00e9lectorale.<\/p>\n<p>&nbsp;<\/p>\n<blockquote><p>Les sites ayant pignon sur rue sont la vitrine l\u00e9gale de cette propagande, articul\u00e9e avec des milliers de comptes sur les r\u00e9seaux sociaux, qui en un instant r\u00e9pandent partout dans le monde, dans toutes les langues, le bobard invent\u00e9 pour salir un responsable politique, une personnalit\u00e9.<br \/>\nEmmanuel Macron lors de ses v\u0153ux \u00e0 la presse, le 3 janvier 2018<\/p><\/blockquote>\n<p>Avec ce texte, Emmanuel Macron vise directement les diffuseurs de ces \u00ab\u00a0fake news\u00a0\u00bb en ligne. Alors candidat, il avait port\u00e9 plainte pour\u00a0\u00ab\u00a0faux, usage de faux et propagation de fausse nouvelle destin\u00e9e \u00e0 influencer le scrutin\u00a0\u00bb, apr\u00e8s la diffusion de <a href=\"https:\/\/www.francetvinfo.fr\/politique\/emmanuel-macron\/un-compte-cache-aux-bahamas-decryptage-de-la-folle-rumeur-qui-vise-a-destabiliser-emmanuel-macron_2175157.html\">faux documents<\/a>\u00a0sur internet\u00a0l&rsquo;accusant\u00a0de\u00a0pratiquer\u00a0l&rsquo;\u00e9vasion fiscale dans les Cara\u00efbes.\u00a0Cette rumeur avait \u00e9t\u00e9 reprise par sa rivale, Marine Le Pen, en plein d\u00e9bat de l&rsquo;entre-deux-tours.\u00a0<em>\u00ab\u00a0J&rsquo;esp\u00e8re que l&rsquo;on n&rsquo;apprendra pas que vous avez eu un compte offshore aux Bahamas\u00a0\u00bb,\u00a0<\/em>avait-elle insinu\u00e9 en direct.<\/p>\n<p>Mais \u00e0 travers ce projet de loi, le gouvernement\u00a0cible \u00e9galement, de mani\u00e8re implicite, des pays tels que la Russie, accus\u00e9e d&rsquo;avoir tent\u00e9 d&rsquo;influencer plusieurs scrutins \u00e9trangers via des contenus sponsoris\u00e9s en ligne et\u00a0via ses m\u00e9dias. Le 29\u00a0mai 2017, au c\u00f4t\u00e9 de Vladimir Poutine, Emmanuel Macron n&rsquo;avait pas h\u00e9sit\u00e9 \u00e0\u00a0<a href=\"https:\/\/www.francetvinfo.fr\/monde\/russie\/video-macron-russia-today-et-sputnik-ont-ete-des-organes-d-influence-et-de-propagande-mensongere_2212652.html\" target=\"_blank\" rel=\"noopener\">qualifier<\/a> RT et Sputnik, deux m\u00e9dias russes qui ont un pied en France, d&rsquo;<em>\u00ab\u00a0organes d&rsquo;influence\u00a0\u00bb<\/em> pendant la campagne pr\u00e9sidentielle. Ils ont <em>\u00ab\u00a0\u00e0 plusieurs reprises produit des contrev\u00e9rit\u00e9s sur ma personne et ma campagne\u00a0\u00bb,\u00a0<\/em>s&rsquo;\u00e9tait-il indign\u00e9. Cette loi entend donc aussi\u00a0r\u00e9pondre \u00e0 ces soup\u00e7ons d&rsquo;ing\u00e9rence.<\/p>\n<h3>Que pr\u00e9voit cette proposition de loi ?<\/h3>\n<p>Ce projet de loi\u00a0tente d&rsquo;abord d&rsquo;apporter une d\u00e9finition\u00a0au terme encore flou de \u00ab\u00a0fake news\u00a0\u00bb. Il entend d\u00e9finir l\u00e9galement une fausse information comme <em>\u00ab\u00a0toute all\u00e9gation ou imputation d&rsquo;un fait d\u00e9pourvue d&rsquo;\u00e9l\u00e9ments v\u00e9rifiables de nature \u00e0 la rendre vraisemblable\u00a0\u00bb<\/em>.<\/p>\n<blockquote><p>La d\u00e9finition d&rsquo;une \u00ab\u00a0fausse information\u00a0\u00bb adopt\u00e9e : il s&rsquo;agira de \u00ab\u00a0toute all\u00e9gation ou imputation d\u2019un fait d\u00e9pourvue d\u2019\u00e9l\u00e9ments v\u00e9rifiables de nature \u00e0 la rendre vraisemblable.\u00a0\u00bb#DirectAN #FakeNews cc @NaimaMoutchou pic.twitter.com\/F4oxhwcBsX<br \/>\n\u2014 LCP (@LCP) <a href=\"https:\/\/twitter.com\/LCP\/status\/1001731214649147392?ref_src=twsrc%5Etfw\">30 mai 2018<\/a><\/p><\/blockquote>\n<p>Jugeant le dispositif l\u00e9gal\u00a0<em>\u00ab\u00a0insuffisant\u00a0\u00bb<\/em> pour lutter contre les \u00ab\u00a0fake news\u00a0\u00bb, ce texte introduit la possibilit\u00e9 de saisir la justice en r\u00e9f\u00e9r\u00e9,\u00a0c&rsquo;est-\u00e0-dire en urgence, pour arr\u00eater la diffusion d&rsquo;une fausse information en ligne en p\u00e9riode pr\u00e9-\u00e9lectorale et \u00e9lectorale.\u00a0Un juge aura ainsi 48\u00a0heures pour se prononcer sur la\u00a0fausset\u00e9 d&rsquo;une information. Si cette information est diffus\u00e9e massivement et peut affecter l&rsquo;issue du scrutin, la justice pourra ordonner son retrait du web. Elle pourra par exemple d\u00e9r\u00e9f\u00e9rencer un site la diffusant, ou encore fermer un compte la\u00a0faisant circuler sur Facebook.<\/p>\n<p>Cette proposition de loi\u00a0donne en parall\u00e8le de nouvelles missions au Conseil sup\u00e9rieur de l&rsquo;audiovisuel (CSA). Ce dernier pourra <em>\u00ab\u00a0emp\u00eacher\u00a0\u00bb<\/em>, <em>\u00ab\u00a0suspendre\u00a0\u00bb<\/em> ou <em>\u00ab\u00a0mettre fin\u00a0\u00bb<\/em> \u00e0 la diffusion de cha\u00eenes de t\u00e9l\u00e9vision g\u00e9r\u00e9es par un pays \u00e9tranger, si ces derni\u00e8res <em>\u00ab\u00a0portent atteinte aux int\u00e9r\u00eats fondamentaux de la nation\u00a0\u00bb<\/em>. En cas de <em>\u00ab\u00a0diffusion de fausses nouvelles\u00a0\u00bb\u00a0<\/em>sur une cha\u00eene \u00e9trang\u00e8re, celle-ci pourra \u00e9galement se voir refuser son conventionnement par le CSA.<\/p>\n<p>A travers ce texte, le gouvernement demande aussi aux plateformes diffusant ces \u00ab\u00a0fake news\u00a0\u00bb en ligne\u00a0\u2013 Facebook, Twitter, ou encore Google\u00a0\u2013 de mieux lutter contre elles. Dans un contexte \u00e9lectoral, ces diffuseurs devront tr\u00e8s clairement informer le public et les autorit\u00e9s sur les personnes les ayant pay\u00e9s\u00a0\u2013 et le montant d\u00e9bours\u00e9 \u2013 pour mettre en avant des contenus. Ils devront en parall\u00e8le d\u00e9velopper un dispositif permettant \u00e0 chaque utilisateur de signaler une \u00ab\u00a0fake news\u00a0\u00bb et faire part de ces signalements aux autorit\u00e9s concern\u00e9es. enfin, la proposition de loi <a href=\"https:\/\/www.francetvinfo.fr\/internet\/reseaux-sociaux\/loi-sur-les-fake-news-les-deputes-renforcent-et-rebaptise-le-texte_2777579.html\" target=\"_blank\" rel=\"noopener\">appelle<\/a>\u00a0ces plateformes \u00e0 rencontrer de mani\u00e8re r\u00e9guli\u00e8re m\u00e9dias et annonceurs et pr\u00f4ne davantage d&rsquo;\u00e9ducation aux m\u00e9dias.<\/p>\n<h4>Mais il est d\u00e9j\u00e0 possible de lutter contre les \u00ab\u00a0fake news\u00a0\u00bb, non ?<\/h4>\n<p>Ce\u00a0projet de loi sur les fausses informations\u00a0vient en effet compl\u00e9ter une s\u00e9rie de dispositifs d\u00e9j\u00e0 existants sur le sujet. La <a href=\"https:\/\/www.legifrance.gouv.fr\/affichTexte.do?cidTexte=LEGITEXT000006070722\" target=\"_blank\" rel=\"noopener\">loi du 29 juillet 1881<\/a> sur la libert\u00e9 de la presse stipule que <em>\u00ab\u00a0la publication, la diffusion ou la reproduction, par quelque moyen que ce soit, de nouvelles fausses\u00a0\u00bb\u00a0<\/em>est punie d&rsquo;une amende de 45\u00a0000\u00a0euros,\u00a0si elles sont susceptibles de troubler <em>\u00ab\u00a0la paix publique\u00a0\u00bb.\u00a0<\/em><\/p>\n<p>Des poursuites pour diffamation sont \u00e9galement possibles,\u00a0dans le cas o\u00f9 une all\u00e9gation <em>\u00ab\u00a0porte atteinte \u00e0 l&rsquo;honneur ou \u00e0 la consid\u00e9ration\u00a0\u00bb<\/em> d&rsquo;une personne.\u00a0S&rsquo;il s&rsquo;agit\u00a0d&rsquo;une diffamation publique, la peine encourue est de 12\u00a0000 euros d&rsquo;amende, et de 45 000 euros si la personne vis\u00e9e est un\u00a0\u00e9lu.<\/p>\n<p>Depuis le 21 juin 2004, <a href=\"https:\/\/www.legifrance.gouv.fr\/affichTexte.do?cidTexte=JORFTEXT000000801164\">la loi<\/a> pour la confiance dans l&rsquo;\u00e9conomie num\u00e9rique (LCEN) pr\u00e9voit \u00e9galement la possibilit\u00e9, en r\u00e9f\u00e9r\u00e9, d&rsquo;ordonner le retrait d&rsquo;un contenu en ligne appellant \u00e0 la violence, \u00e0 la haine ou encore \u00e0 la discrimination. Cette proposition de loi contre les \u00ab\u00a0fake news\u00a0\u00bb va donc plus loin, en permettant une proc\u00e9dure d&rsquo;urgence similaire\u00a0sur les simples crit\u00e8res de fausset\u00e9 et de diffusion massive d&rsquo;une information.<\/p>\n<h4>Cette loi pourra-t-elle vraiment s&rsquo;appliquer ?<\/h4>\n<p>C&rsquo;est l&rsquo;une des craintes partag\u00e9es par\u00a0plusieurs\u00a0juristes et\u00a0chercheurs sp\u00e9cialistes du sujet. La loi peut-elle vraiment emp\u00eacher une circulation en masse, globale et virale d&rsquo;une fausse information\u00a0? <em>\u00ab\u00a0Il y a un risque d&rsquo;encombrement des tribunaux pour ces questions-l\u00e0\u00a0\u00bb<\/em>, explique \u00e0 franceinfo Jean-Marie Charon, sociologue, sp\u00e9cialiste des m\u00e9dias et de l&rsquo;information.<\/p>\n<p>Dans le cas o\u00f9 le caract\u00e8re faux de l&rsquo;information et la volont\u00e9 de manipuler l&rsquo;opinion sont complexes \u00e0 \u00e9tablir, <em>\u00ab\u00a0il n\u2019est pas du tout certain que le juge ait les moyens, et surtout le temps, de rendre efficace le dispositif\u00a0\u00bb,\u00a0<\/em>poursuit le chercheur. Ce dernier s&rsquo;inqui\u00e8te \u00e9galement de <a href=\"https:\/\/www.francetvinfo.fr\/politique\/emmanuel-macron\/loi-sur-les-fake-news-le-grand-danger-c-est-de-donner-la-responsabilite-a-l-etat-de-dire-le-vrai-du-faux_2546643.html\" target=\"_blank\" rel=\"noopener\">la volont\u00e9 du gouvernement<\/a> de d\u00e9finir l\u00e9galement ce qu&rsquo;est une \u00ab\u00a0fake news\u00a0\u00bb. Qu&rsquo;est-ce qu&rsquo;une information qui <em>\u00ab\u00a0poserait probl\u00e8me, qui m\u00e9riterait une poursuite\u00a0?\u00a0\u00bb\u00a0<\/em>s&rsquo;interroge-t-il. <em>\u00ab\u00a0On voit qu&rsquo;il y a un probl\u00e8me de d\u00e9finition.\u00a0\u00bb<\/em><\/p>\n<p>Pour Jean-Marie Charon, il semble \u00e9galement difficile d&rsquo;imposer \u00e0 des plateformes \u00e9trang\u00e8res\u00a0\u2013 telles que Facebook ou Twitter\u00a0\u2013 de lutter davantage contre les fausses informations. <em>\u00ab\u00a0ll n&rsquo;y a pas d&rsquo;accord, il n&rsquo;y a pas de convention entre la justice fran\u00e7aise et la justice am\u00e9ricaine sur ces questions-l\u00e0\u00a0\u00bb,\u00a0<\/em>analyse le sociologue.\u00a0<em>\u00ab\u00a0Je crains qu&rsquo;on s&rsquo;aper\u00e7oive tr\u00e8s vite que ces grandes plateformes internationales auront les moyens d&rsquo;\u00e9chapper\u00a0\u00bb <\/em>\u00e0 la loi, alerte-t-il.<em> \u00ab\u00a0D<\/em><em>e fait, elles ne r\u00e9pondent pas au cadre juridique fran\u00e7ais.\u00a0\u00bb<\/em><\/p>\n<p>&nbsp;<\/p>\n<h4>PARTIE 2 : Pourquoi la loi contre les fake news suscite une lev\u00e9e de boucliers<\/h4>\n<p>Sources : <a href=\"https:\/\/www.francetvinfo.fr\/internet\/reseaux-sociaux\/facebook\/pourquoi-la-loi-sur-les-fake-news-suscite-une-levee-de-boucliers_2792065.html\">Francetvinfo<\/a><\/p>\n<p>Accus\u00e9e de menacer la libert\u00e9 d&rsquo;expression, la proposition de loi \u00ab\u00a0pour lutter contre la manipulation de l\u2019information\u00a0\u00bb ne convainc toujours pas ses opposants.<\/p>\n<p><em>\u00ab\u00a0Inutile\u00a0\u00bb<\/em>, <em>\u00ab\u00a0dangereuse\u00a0\u00bb<\/em> et m\u00eame <em>\u00ab\u00a0liberticide\u00a0\u00bb\u2026<\/em>\u00a0Alors que le vote de la\u00a0proposition de loi\u00a0\u00ab\u00a0pour lutter contre la manipulation de l\u2019information\u00a0\u00bb\u00a0ne devrait finalement avoir lieu qu&rsquo;au mois de juillet, le texte voulu par Emmanuel Macron concentre de nombreuses critiques. Franceinfo vous explique pourquoi <a href=\"https:\/\/www.francetvinfo.fr\/economie\/medias\/video-dis-franceinfo-c-est-quoi-la-loi-contre-les-fake-news_2788517.html\" target=\"_blank\" rel=\"noopener\">cette\u00a0loi contre les fake news<\/a>\u00a0rencontre autant d&rsquo;opposition.<\/p>\n<h3 class=\"bullet\"><strong>Parce que la d\u00e9finition d&rsquo;une fausse information est jug\u00e9e trop vague<\/strong><\/h3>\n<p>L&rsquo;objectif de\u00a0cette\u00a0loi \u2013 en r\u00e9alit\u00e9 deux propositions de loi,\u00a0l&rsquo;une organique touchant \u00e0 l&rsquo;organisation des pouvoirs publics et l&rsquo;autre ordinaire\u00a0\u2013\u00a0est\u00a0clair : lutter contre la diffusion des fake news en p\u00e9riode \u00e9lectorale. Mais la d\u00e9finition m\u00eame d&rsquo;une fausse information fait, depuis la naissance de cette proposition de loi, l&rsquo;objet de nombreuses critiques. A l&rsquo;origine, le texte visait \u00e0 lutter contre <em>\u00ab\u00a0toute all\u00e9gation ou imputation\u00a0<\/em><em>d&rsquo;un fait d\u00e9pourvu d&rsquo;\u00e9l\u00e9ments v\u00e9rifiables de nature \u00e0 la rendre vraisemblable\u00a0\u00bb<\/em>. <a href=\"https:\/\/rsf.org\/fr\/actualites\/les-contre-propositions-de-rsf-la-proposition-de-loi-contre-les-manipulations-de-linformation-en\" target=\"_blank\" rel=\"noopener\">Reporters sans fronti\u00e8res<\/a> avait manifest\u00e9 son rejet d&rsquo;une telle caract\u00e9risation. La rapporteure du texte, Na\u00efma Moutchou, a finalement propos\u00e9 une nouvelle d\u00e9finition\u00a0:\u00a0<em>\u00ab\u00a0Toute all\u00e9gation ou imputation d&rsquo;un fait, inexacte ou trompeuse, constitue une fausse information\u00a0\u00bb<\/em>.<\/p>\n<p>La proposition de loi pr\u00e9cise \u00e9galement que, pour \u00eatre consid\u00e9r\u00e9e comme telle, la fausse information doit \u00eatre publi\u00e9e <em>\u00ab\u00a0dans le cadre d&rsquo;une diffusion massive et artificielle, qui serait faite par exemple par des contenus sponsoris\u00e9s ou par des robots\u00a0\u00bb,<\/em> explique Na\u00efma Moutchou dans un entretien au journal <em><a href=\"https:\/\/www.la-croix.com\/Debats\/Forum-et-debats\/Lois-anti-fake-news-cest-texte-equilibre-2018-06-06-1200944997\" target=\"_blank\" rel=\"noopener\">La Croix<\/a><\/em>. Elle ajoute que <em>\u00ab\u00a0cela ne concernera que les fausses informations d\u00e9lib\u00e9r\u00e9es\u00a0\u00bb<\/em>. Enfin, la loi ne s&rsquo;appliquera qu&rsquo;aux fausses informations qui sont<em>\u00a0\u00ab\u00a0de nature \u00e0 alt\u00e9rer le scrutin\u00a0\u00bb<\/em>, puisqu&rsquo;elle ne concerne que les p\u00e9riodes \u00e9lectorales.<\/p>\n<p>Des explications qui n&rsquo;ont pas rassur\u00e9 les d\u00e9tracteurs du texte. <em>\u00ab\u00a0La diffamation, je connais. Une &lsquo;fausse information&rsquo;, je ne sais pas ce que c&rsquo;est. &lsquo;La Terre est ronde&rsquo; a longtemps \u00e9t\u00e9 une fake news. &lsquo;Dieu existe&rsquo; en est peut-\u00eatre une\u2026\u00a0\u00bb<\/em>\u00a0ironise\u00a0Richard Malka, avocat sp\u00e9cialiste du droit de la presse interrog\u00e9\u00a0par\u00a0<em><a href=\"http:\/\/www.lefigaro.fr\/actualite-france\/2018\/06\/07\/01016-20180607ARTFIG00343-loi-sur-les-fake-news-un-texte-plus-inutile-que-dangereux.php\" target=\"_blank\" rel=\"noopener\">Le Figaro<\/a>.<\/em><\/p>\n<h3 class=\"bullet\"><strong>Parce que le juge des r\u00e9f\u00e9r\u00e9s devra se prononcer en\u00a048 heures seulement<\/strong><\/h3>\n<p>En cas de suspicion de fake news, il sera possible de saisir la justice en r\u00e9f\u00e9r\u00e9, c&rsquo;est-\u00e0-dire en urgence. Un juge devra alors se prononcer sur la v\u00e9racit\u00e9 ou non de l&rsquo;information, et ce en 48 heures maximum.\u00a0Un d\u00e9lai express, abondamment critiqu\u00e9 par les d\u00e9tracteurs du projet.<\/p>\n<p>Basile Ader, vice-b\u00e2tonnier\u00a0du barreau de Paris, <a href=\"https:\/\/www.francetvinfo.fr\/economie\/emploi\/metiers\/droit-et-justice\/video-jordan-abel-au-mieux-la-loi-anti-fake-news-sera-inutile_2791187.html\" target=\"_blank\" rel=\"noopener\">invit\u00e9 de franceinfo<\/a>, juge cette mesure <em>\u00ab\u00a0absolument impraticable\u00a0\u00bb. <\/em>Et de\u00a0citer l&rsquo;exemple<em>\u00a0<\/em>du\u00a0pr\u00e9tendu compte offshore d&rsquo;Emmanuel Macron,\u00a0fake news r\u00e9pandue sur internet pendant la campagne pr\u00e9sidentielle :\u00a0<em>\u00ab\u00a0Je vois mal un juge en 48 heures venir dire, de mani\u00e8re expresse, que cette information est fausse.\u00a0\u00bb<\/em><\/p>\n<p>D&rsquo;autant plus que, pour Basile Ader, <em>\u00ab\u00a0l&rsquo;effet retour peut \u00eatre catastrophique\u00a0\u00bb<\/em>. Si le juge des r\u00e9f\u00e9r\u00e9s ne peut pas invalider l&rsquo;information<em>, \u00ab\u00a0ceux qui l&rsquo;auront mise en ligne, qui l&rsquo;auront diffus\u00e9e, seront prompts \u00e0 dire : &lsquo;Ecoutez, voyez, le juge n&rsquo;a pas dit qu&rsquo;elle \u00e9tait fausse&rsquo; !\u00a0\u00bb<\/em><\/p>\n<p>Par ailleurs, on ne sait pas pr\u00e9cis\u00e9ment qui pourra\u00a0saisir la justice.\u00a0La proposition\u00a0de loi ne mentionne que\u00a0<em>\u00ab\u00a0le minist\u00e8re public ou toute personne ayant int\u00e9r\u00eat \u00e0 agir\u00a0\u00bb,\u00a0<\/em>pr\u00e9cisant\u00a0que les seules sanctions pr\u00e9vues sont l&rsquo;arr\u00eat de\u00a0la diffusion,\u00a0le d\u00e9r\u00e9f\u00e9rencement d&rsquo;un site internet ou le retrait de contenus en ligne.<\/p>\n<h3 class=\"bullet\">Parce que la loi pourrait menacer les m\u00e9dias<\/h3>\n<p>Si la ministre de la Culture, Fran\u00e7oise Nyssen, a affirm\u00e9 dans son discours \u00e0 l&rsquo;Assembl\u00e9e nationale, le 7 juin,<i>\u00a0<\/i>qu&rsquo;<i>\u00ab\u00a0en aucun cas les articles de presse professionnels ne seraient concern\u00e9s\u00a0\u00bb<\/i>, le vice-b\u00e2tonnier Basile Ader estime que cela ne va pas de soi.<em> \u00ab\u00a0Tel que c&rsquo;est r\u00e9dig\u00e9, je ne vois pas que c&rsquo;est exclu. C&rsquo;est bien qu&rsquo;elle l&rsquo;annonce, mais il faudrait encore l&rsquo;\u00e9crire dans la loi express\u00e9ment\u00a0\u00bb<\/em>, insiste-t-il.<\/p>\n<p>Le Syndicat national des journalistes (SNJ) a d&rsquo;ailleurs exprim\u00e9, d\u00e8s le d\u00e9but, son opposition. En mars, le SNJ\u00a0<a href=\"http:\/\/www.snj.fr\/article\/%C2%AB-fake-news-%C2%BB-un-projet-de-loi-liberticide-60222644\" target=\"_blank\" rel=\"noopener\">affirmait<\/a>\u00a0que\u00a0<em>\u00ab\u00a0ce texte menace la libert\u00e9 d&rsquo;expression et la libert\u00e9 d&rsquo;informer\u00a0\u00bb\u00a0<\/em>et <em>\u00ab\u00a0peut aussi devenir un moyen d&rsquo;entraver le travail des journalistes professionnels\u00a0\u00bb.<\/em><\/p>\n<h3 class=\"bullet\">Parce que\u00a0le renforcement du r\u00f4le du CSA est remis en question<\/h3>\n<p>Au centre de la loi figure \u00e9galement le renforcement des missions du Conseil sup\u00e9rieur de l&rsquo;audiovisuel (CSA), qui pourra <em>\u00ab\u00a0emp\u00eacher\u00a0\u00bb<\/em>, <em>\u00ab\u00a0suspendre\u00a0\u00bb<\/em> ou <em>\u00ab\u00a0mettre fin\u00a0<\/em><em>\u00e0 la diffusion de services de t\u00e9l\u00e9vision contr\u00f4l\u00e9s par un \u00c9tat\u00a0\u00e9tranger et qui portent atteinte aux int\u00e9r\u00eats fondamentaux de la Nation ou participent \u00e0 une entreprise de d\u00e9stabilisation de ses institutions\u00a0\u00bb.<\/em> Une mesure qui vise notamment les m\u00e9dias russes Russia Today et Sputnik News, accus\u00e9s par <a href=\"https:\/\/www.francetvinfo.fr\/politique\/emmanuel-macron\/\" target=\"_blank\" rel=\"noopener\">Emmanuel Macron<\/a>\u00a0de r\u00e9pandre des <em>\u00ab\u00a0contre-v\u00e9rit\u00e9s infamantes\u00a0\u00bb.<\/em> <em>\u00ab\u00a0Ce ne sont plus des journalistes, ce sont des organes d&rsquo;influence\u00a0\u00bb<\/em>, avait-il raill\u00e9 lors d&rsquo;une conf\u00e9rence de presse en pr\u00e9sence de Vladimir Poutine, le 29 mai 2017.<\/p>\n<p>A nouveau, le vice-b\u00e2tonnier Basile Ader\u00a0\u00e9met des r\u00e9serves : <em>\u00ab\u00a0Je ne vois pas comment, en 24 heures, le CSA\u00a0pourrait nous dire que telle nouvelle est fausse, telle nouvelle n&rsquo;est pas fausse. Je veux bien qu&rsquo;il soit omniscient, mais c&rsquo;est tr\u00e8s compliqu\u00e9 pour un juge ou une autorit\u00e9 administrative de dire la v\u00e9rit\u00e9 des choses sans avoir des \u00e9l\u00e9ments d&rsquo;information tout \u00e0 fait certains.\u00a0\u00bb<\/em><\/p>\n<h3 class=\"bullet\">Parce qu&rsquo;une loi existe d\u00e9j\u00e0<\/h3>\n<p><a href=\"https:\/\/www.legifrance.gouv.fr\/affichTexte.do?cidTexte=LEGITEXT000006070722\" target=\"_blank\" rel=\"noopener\">La loi du 29 juillet 1881<\/a> sur la libert\u00e9 de la presse apporte d\u00e9j\u00e0 des mesures pour contr\u00f4ler ce qu&rsquo;elle nomme les <em>\u00ab\u00a0fausses nouvelles\u00a0\u00bb<\/em>. L&rsquo;article 27\u00a0condamne\u00a0<em>\u00ab\u00a0l<\/em><em>a publication, la diffusion ou la reproduction, par quelque moyen que ce soit, de nouvelles fausses, de pi\u00e8ces fabriqu\u00e9es, falsifi\u00e9es ou mensong\u00e8rement attribu\u00e9es \u00e0 des tiers\u00a0\u00bb<\/em>.\u00a0La loi pr\u00e9cise \u00e9galement que <em>\u00ab\u00a0porter atteinte \u00e0 l&rsquo;honneur ou \u00e0 la consid\u00e9ration\u00a0\u00bb<\/em> d&rsquo;une personne rel\u00e8ve de la diffamation.<\/p>\n<p>Pour Na\u00efma Moutchou, la rapporteure, il faut faire une distinction entre <em>\u00ab\u00a0fausse nouvelle\u00a0\u00bb<\/em> et <em>\u00ab\u00a0fausse information\u00a0\u00bb<\/em>, comme elle l&rsquo;explique sur <a href=\"http:\/\/www.europe1.fr\/politique\/fake-news-une-proposition-de-loi-dangereuse-ou-necessaire-3674201\" target=\"_blank\" rel=\"noopener\">Europe 1<\/a>. Mais pour l&rsquo;avocat Richard Malka, <em>\u00ab\u00a0les dispositifs n\u00e9cessaires existent\u00a0\u00bb <\/em>d\u00e9j\u00e0. Un avis partag\u00e9 par\u00a0Basile Ader\u00a0:<em> \u00ab\u00a0Ce qu&rsquo;on veut mettre en place est d\u00e9j\u00e0 en place.\u00a0\u00bb<\/em>\u00a0Selon le vice-b\u00e2tonnier\u00a0de Paris,\u00a0<em>\u00ab\u00a0on a une loi tr\u00e8s ancienne qui a \u00e9t\u00e9 r\u00e9guli\u00e8rement corrig\u00e9e, on y a ajout\u00e9 des incriminations. Elle fait ses preuves.\u00a0\u00bb<\/em>\u00a0Et de conclure, cinglant :\u00a0<em>\u00ab\u00a0C&rsquo;est pour moi, vraiment, une loi de circonstance. (&#8230;) A<\/em><em>u mieux, c&rsquo;est une loi inutile.\u00a0\u00bb<\/em><\/p>\n<h4>PARTIE 3 : La loi dite \u00ab\u00a0secret des affaires\u00a0\u00bb<\/h4>\n<p>Sources : <a href=\"http:\/\/www.acrimed.org\/La-loi-dite-secret-des-affaires-extension-du\">Acrimed<\/a><\/p>\n<h3>La loi dite \u00ab\u00a0secret des affaires\u00a0\u00bb\u00a0: extension du domaine de la r\u00e9pression, restriction du champ des investigations<\/h3>\n<p><i class=\"icon-user\"><\/i> <em>par <span class=\"vcard author\"><a class=\"url fn spip_in\" href=\"http:\/\/www.acrimed.org\/_Denis-Souchon_\">Denis Souchon<\/a><\/span>, <time datetime=\"2018-05-31T04:30:00Z\">jeudi 31 mai 2018<\/time><\/em><\/p>\n<div class=\"crayon article-chapo-5747 chapoarticle surlignable\">\n<p>Le <a href=\"http:\/\/www.acrimed.org\/Halte-a-la-loi-secret-des-affaires\">18 avril<\/a> nous avons publi\u00e9 une <a class=\"spip_out\" href=\"https:\/\/info.pollinis.org\/fr\/stopsecretdaffaires\/\" target=\"_blank\" rel=\"external noopener\">p\u00e9tition<\/a><span class=\"spip_note_ref\">\u00a0[<a id=\"nh1\" class=\"spip_note\" title=\"P\u00e9tition dont notre association est signataire.\" href=\"http:\/\/www.acrimed.org\/La-loi-dite-secret-des-affaires-extension-du#nb1\" rel=\"footnote\">1<\/a>]<\/span> lanc\u00e9e par le collectif \u00ab\u00a0Stop secret d\u2019affaires\u00a0\u00bb, adress\u00e9e aux parlementaires et visant \u00e0 amender la proposition de loi, dite de \u00ab\u00a0protection des savoir-faire et des informations commerciales\u00a0\u00bb qui, en l\u2019\u00e9tat, est lourde de menaces\u00a0:<\/p>\n<blockquote class=\"spip\"><p>\u00ab\u00a0(\u2026) Sous couvert de prot\u00e9ger les entreprises, [la loi \u00ab\u00a0secret des affaires\u00a0\u00bb] verrouille l\u2019information sur les pratiques des firmes et les produits commercialis\u00e9s par les entreprises. Des scandales comme celui du Mediator ou du bisph\u00e9nol A, ou des affaires comme les Panama Papers ou LuxLeaks, pourraient ne plus \u00eatre port\u00e9s \u00e0 la connaissance des citoyens.<\/p>\n<p>En gravant dans le marbre la menace syst\u00e9matique de longs et co\u00fbteux proc\u00e8s, cette loi est une arme de dissuasion massive tourn\u00e9e vers les journalistes, les syndicats, les scientifiques, les ONGs et les lanceurs d\u2019alertes.\u00a0\u00bb<\/p><\/blockquote>\n<p><strong>Autant de raisons de consacrer \u00e0 l\u2019examen des effets probables de cette loi (qui n\u2019est pas encore promulgu\u00e9e) sur l\u2019activit\u00e9 journalistique le prochain Jeudi d\u2019Acrimed qui se tiendra le 7 juin, avec Olivier Petitjean (journaliste \u00e0 Basta, en charge de l\u2019Observatoire des multinationales) et Laura Rousseau (de <a class=\"spip_out\" href=\"https:\/\/www.asso-sherpa.org\/accueil\" target=\"_blank\" rel=\"external noopener\">l\u2019association Sherpa<\/a>)<span class=\"spip_note_ref\">\u00a0[<a id=\"nh2\" class=\"spip_note\" title=\"\u00c0 partir de 19 h, \u00e0 la Bourse du travail de Paris (3 rue du Ch\u00e2teau-d\u2019Eau,\u00a0(...)\" href=\"http:\/\/www.acrimed.org\/La-loi-dite-secret-des-affaires-extension-du#nb2\" rel=\"footnote\">2<\/a>]<\/span>.<\/strong><\/p>\n<\/div>\n<div class=\"crayon article-texte-5747 txtarticle surlignable\">\n<h3 class=\"article_intertitres\">L\u2019\u00e9mergence des poursuites-b\u00e2illons<\/h3>\n<p>Cette proposition de loi, aussi potentiellement d\u00e9l\u00e9t\u00e8re soit-elle pour la libert\u00e9 d\u2019informer, ne saurait surprendre. Elle s\u2019inscrit en effet dans une tendance durable de la part des d\u00e9tenteurs du pouvoir \u00e9conomique \u00e0 mobiliser les ressources du droit pour dissuader les enqu\u00eates portant sur la fa\u00e7on dont ils m\u00e8nent leurs affaires et soustraire ainsi \u00e0 l\u2019attention du public des informations d\u2019int\u00e9r\u00eat g\u00e9n\u00e9ral. Voici quatre exemples qui illustrent cette tendance.<\/p>\n<p>&#8211; Le <strong>9 mai 2018<\/strong> Bastamag titre <a class=\"spip_out\" href=\"https:\/\/www.bastamag.net\/Bollore-perd-definitivement-son-premier-proces-en-diffamation-intente-a\" target=\"_blank\" rel=\"external noopener\">\u00ab\u00a0<i>Bollor\u00e9 perd d\u00e9finitivement son premier proc\u00e8s en diffamation intent\u00e9 \u00e0 Bastamag<\/i>\u00a0\u00bb<\/a>. Ce premier proc\u00e8s portait sur un article publi\u00e9 le <strong>12 octobre 2012<\/strong>, c\u2019est \u00e0 dire il y a plus de 5 ans. Yvan Du Roy note\u00a0: \u00ab\u00a0<i>Cette premi\u00e8re proc\u00e9dure, qui aura dur\u00e9 cinq ans depuis notre mise en examen, a co\u00fbt\u00e9 plus de 13 000 euros \u00e0 notre modeste budget. C\u2019est, en temps de travail r\u00e9mun\u00e9r\u00e9, l\u2019\u00e9quivalent d\u2019une dizaine d\u2019articles comme celui que nous avons publi\u00e9 et sur lequel la justice nous a donn\u00e9 raison. Dix articles que nous n\u2019aurons pas \u00e9crits, autant d\u2019informations pour \u00ab\u00a0un d\u00e9bat d\u2019int\u00e9r\u00eat g\u00e9n\u00e9ral\u00a0\u00bb qui n\u2019auront pas \u00e9t\u00e9 publi\u00e9es, autant d\u2019injustices qui n\u2019auront pas \u00e9t\u00e9 mises en lumi\u00e8re<\/i>.\u00a0\u00bb<\/p>\n<p>&#8211; Le <a href=\"http:\/\/www.acrimed.org\/Actualite-des-medias-no12-janvier-2018\"><strong>5 f\u00e9vrier 2018<\/strong><\/a> nous \u00e9crivions\u00a0: \u00ab\u00a0<i>Challenges<\/i> condamn\u00e9 pour infraction au secret des affaires \u2013 L\u2019hebdomadaire \u00e9conomique <i>Challenges<\/i> a \u00e9t\u00e9 condamn\u00e9 mi-janvier par le tribunal de commerce pour avoir r\u00e9v\u00e9l\u00e9 dans un article qu\u2019un administrateur judiciaire avait \u00e9t\u00e9 nomm\u00e9 dans une grande entreprise. D\u2019apr\u00e8s <i>le Canard encha\u00een\u00e9<\/i> du <strong>31 janvier<\/strong>, <i>Challenges<\/i> a d\u00fb retirer l\u2019information de son site et ne peut plus rien publier sur le sujet \u00ab\u00a0<i>sous astreinte de 10 000 euros par infraction constat\u00e9e<\/i>\u00a0\u00bb. L\u2019hebdomadaire satirique s\u2019interroge sur le bien-fond\u00e9 de cette condamnation\u00a0: \u00ab\u00a0<i>Certes, les proc\u00e9dures de conciliation et de mandat ad hoc rev\u00eatent un caract\u00e8re confidentiel\u2026 pour les parties prenantes\u00a0! En quoi cela engage-t-il un journal\u00a0? La divulgation de cette information contribue \u00e0 \u201cl\u2019information du public sur une question d\u2019int\u00e9r\u00eat g\u00e9n\u00e9ral\u201d, a plaid\u00e9 Challenges, rappelant que les difficult\u00e9s financi\u00e8res de la soci\u00e9t\u00e9 avaient d\u00e9j\u00e0 fait l\u2019objet de nombreux articles. O\u00f9 d\u00e9bute et o\u00f9 s\u2019arr\u00eate le secret des affaires\u00a0?<\/i>\u00a0\u00bb <i>Challenges<\/i> a fait appel de cette condamnation.\u00a0\u00bb<\/p>\n<p>&#8211; Le <a href=\"http:\/\/www.acrimed.org\/L-oligarque-des-medias-Vincent-Bollore-contre\"><strong>26 avril 2017<\/strong><\/a> nous retracions les \u00e9tapes du \u00ab\u00a0traitement\u00a0\u00bb que le groupe Bollor\u00e9 r\u00e9serve au journaliste de France Inter Beno\u00eet Collombat (3 plaintes en diffamation) depuis plus de 8 ans et relevions que \u00ab\u00a0<i>parmi les passages poursuivis par Bollor\u00e9 dans sa derni\u00e8re plainte<\/i><span class=\"spip_note_ref\">\u00a0[<a id=\"nh3\" class=\"spip_note\" title=\"D\u00e9pos\u00e9e le 29 d\u00e9cembre 2015.\" href=\"http:\/\/www.acrimed.org\/La-loi-dite-secret-des-affaires-extension-du#nb3\" rel=\"footnote\">3<\/a>]<\/span>, <i>figure celui-ci<\/i>\u00a0:<\/p>\n<blockquote class=\"spip\"><p>\u00ab\u00a0<i>Plus efficace encore que le harc\u00e8lement judiciaire, l\u2019arme fatale de Bollor\u00e9 reste incontestablement l\u2019argent. Ainsi, selon <\/i>le Canard encha\u00een\u00e9<i>, l\u2019homme d\u2019affaires a r\u00e9cemment fait supprimer d\u2019importants budgets publicitaires de l\u2019agence Havas au journal <\/i>Le Monde<i>, \u00e0 la suite de deux articles qui lui ont profond\u00e9ment d\u00e9plu. Le premier pr\u00e9sente Bollor\u00e9 comme \u00ab\u00a0<\/i>le plus grand pr\u00e9dateur de la place de Paris<i>\u00a0\u00bb. L\u2019autre article concerne l\u2019implantation de Bollor\u00e9 en C\u00f4te d\u2019Ivoire, notamment les conditions dans lesquelles il a d\u00e9croch\u00e9 la concession du deuxi\u00e8me terminal \u00e0 conteneurs du port d\u2019Abidjan. Au total, il s\u2019agit d\u2019une perte de plus de sept millions d\u2019euros sur deux ans pour le quotidien d\u00e9tenu par les hommes d\u2019affaires Pierre Berg\u00e9, Xavier Niel et Mathieu Pigasse. <\/i>\u00a0\u00bb<\/p><\/blockquote>\n<p>&#8211; Le <strong>22 janvier 2016<\/strong>, dans un article titr\u00e9 <a href=\"http:\/\/www.acrimed.org\/Tentative-de-baillonner-la-critique-des-sondages-un-observatoire-menace\">\u00ab\u00a0<i>Tentative de b\u00e2illonner la critique des sondages\u00a0: un observatoire menac\u00e9<\/i>\u00a0\u00bb<\/a> nous avons relat\u00e9 \u00ab\u00a0<i>les \u00e9tapes du marathon judiciaire impos\u00e9 par Christian Latouche et Fiducial \u00e0 l\u2019Observatoire des sondages et \u00e0 Alain Garrigou<\/i><span class=\"spip_note_ref\">\u00a0[<a id=\"nh4\" class=\"spip_note\" title=\"Le directeur d\u2019alors de cet observatoire.\" href=\"http:\/\/www.acrimed.org\/La-loi-dite-secret-des-affaires-extension-du#nb4\" rel=\"footnote\">4<\/a>]<\/span>.\u00a0\u00bb<\/p>\n<p>Nous citions alors un texte de <a class=\"spip_out\" href=\"https:\/\/blog.mondediplo.net\/2013-03-21-L-expression-extreme-droite-est-elle-injurieuse\" target=\"_blank\" rel=\"external noopener\"><strong>mars 2013<\/strong><\/a> dans lequel Alain Garrigou analysait ainsi la multiplication des poursuites-b\u00e2illons\u00a0: \u00ab\u00a0<i>Cette strat\u00e9gie consiste, pour des citoyens riches, ou des entreprises, \u00e0 attaquer leurs critiques sur le terrain judiciaire. Rejouant la partie du pot de fer contre le pot de terre, ils tentent ainsi d\u2019imposer \u00e0 leurs adversaires des frais judiciaires d\u00e9mesur\u00e9s. Quant \u00e0 eux, ils ne risquent pas grand-chose, puisque leur fortune leur permet de perdre en justice. Ils soulignent le danger de s\u2019en prendre \u00e0 eux, m\u00eame avec de bonnes raisons.<\/i>\u00a0\u00bb<\/p>\n<h3 class=\"article_intertitres\">Vers une p\u00e9rennisation des poursuites-b\u00e2illons\u00a0?<\/h3>\n<p>Pour comprendre en quoi la la loi dite \u00ab\u00a0secret des affaires\u00a0\u00bb repr\u00e9sente une \u00e9volution dans les \u00ab\u00a0poursuites-b\u00e2illons\u00a0\u00bb en France il nous para\u00eet de bonne m\u00e9thode d\u2019exposer un cas pratique<span class=\"spip_note_ref\">\u00a0[<a id=\"nh5\" class=\"spip_note\" title=\"Merci \u00e0 Laura Rousseau de l\u2019association Sherpa qui nous a grandement aid\u00e9s \u00e0\u00a0(...)\" href=\"http:\/\/www.acrimed.org\/La-loi-dite-secret-des-affaires-extension-du#nb5\" rel=\"footnote\">5<\/a>]<\/span>\u00a0: si le texte adopt\u00e9 par l\u2019Assembl\u00e9e nationale le 28 mars 2018 avait \u00e9t\u00e9 en vigueur en 2014, lors de la publication des <strong>LuxLeaks<\/strong>, ces documents r\u00e9v\u00e9lant les pratiques d\u2019\u00e9vitement fiscal mises en \u0153uvre au Luxembourg par de nombreuses multinationales, ils seraient tomb\u00e9s sous le coup de la loi\u00a0!<\/p>\n<p>En effet, voil\u00e0 comment l\u2019article L. 151-1 du code de commerce d\u00e9finit les informations relevant du secret des affaires\u00a0:<\/p>\n<blockquote class=\"spip\"><p>\u00ab\u00a0Est prot\u00e9g\u00e9e au titre du secret des affaires toute information pr\u00e9sentant l\u2019ensemble des caract\u00e9ristiques suivantes\u00a0:<\/p>\n<p>1\u00b0 Elle n\u2019est pas, en elle-m\u00eame ou dans la configuration et l\u2019assemblage exacts de ses \u00e9l\u00e9ments, g\u00e9n\u00e9ralement connue ou ais\u00e9ment accessible \u00e0 une personne agissant dans un secteur ou un domaine d\u2019activit\u00e9 s\u2019occupant habituellement de cette cat\u00e9gorie d\u2019informations\u00a0;<\/p>\n<p>2\u00b0 Elle rev\u00eat une valeur commerciale, effective ou potentielle, parce qu\u2019elle est secr\u00e8te\u00a0;<\/p>\n<p>3\u00b0 Elle fait l\u2019objet de la part de son d\u00e9tenteur l\u00e9gitime de mesures de protection raisonnables, compte tenu des circonstances, pour en conserver le secret, notamment en mentionnant explicitement que l\u2019information est confidentielle\u00a0\u00bb.<\/p><\/blockquote>\n<p>Or il s\u2019av\u00e8re que les documents obtenus par des lanceurs d\u2019alertes dans l\u2019affaire des LuxLeaks, soit le contenu de plusieurs centaines d\u2019accords fiscaux conclus par des cabinets d\u2019audit avec l\u2019administration fiscale luxembourgeoise pour le compte de nombreux clients internationaux et r\u00e9v\u00e9l\u00e9s par les journalistes du Center for Public Integrity contiennent bien des informations\u00a0:<\/p>\n<p>&#8211; que des gens qui ne veulent pas les voir diffus\u00e9es dans l\u2019espace public peuvent d\u00e9clarer comme rev\u00eatant une valeur commerciale<span class=\"spip_note_ref\">\u00a0[<a id=\"nh6\" class=\"spip_note\" title=\"\u00c9tant entendu que la d\u00e9finition de la \u00ab valeur commerciale \u00bb est ici\u00a0(...)\" href=\"http:\/\/www.acrimed.org\/La-loi-dite-secret-des-affaires-extension-du#nb6\" rel=\"footnote\">6<\/a>]<\/span>\u00a0;<\/p>\n<p>&#8211; qui ne sont pas ais\u00e9ment accessibles \u00e0 une personne agissant dans un secteur ou un domaine d\u2019activit\u00e9 s\u2019occupant habituellement de cette cat\u00e9gorie d\u2019informations<span class=\"spip_note_ref\">\u00a0[<a id=\"nh7\" class=\"spip_note\" title=\"Ce qui n\u2019est gu\u00e8re surprenant s\u2019agissant d\u2019accords fiscaux par nature\u2026\u00a0(...)\" href=\"http:\/\/www.acrimed.org\/La-loi-dite-secret-des-affaires-extension-du#nb7\" rel=\"footnote\">7<\/a>]<\/span>\u00a0;<\/p>\n<p>&#8211; qui ont d\u00fb faire l\u2019objet de la part de leurs d\u00e9tenteurs de de mesures de protection raisonnables.<\/p>\n<p>Comme cela s\u2019est produit au Luxembourg<span class=\"spip_note_ref\">\u00a0[<a id=\"nh8\" class=\"spip_note\" title=\"Pour les LuxLeaks, le secret des affaires avait \u00e9t\u00e9 invoqu\u00e9 devant la justice\u00a0(...)\" href=\"http:\/\/www.acrimed.org\/La-loi-dite-secret-des-affaires-extension-du#nb8\" rel=\"footnote\">8<\/a>]<\/span>, d\u00e8s lors que la proposition de loi entrera en vigueur, les lanceurs d\u2019alerte et les journalistes se verront opposer le secret des affaires lorsqu\u2019ils d\u00e9tiendront et divulgueront des informations r\u00e9pondant \u00e0 ces trois crit\u00e8res si flous et g\u00e9n\u00e9raux qu\u2019ils semblent pouvoir recouvrir toute p\u00e9rip\u00e9tie de la \u00ab\u00a0vie des affaires\u00a0\u00bb d\u00e8s lors qu\u2019elle n\u2019a pas \u00e9t\u00e9 rendue publique par une entreprise elle-m\u00eame \u2013 il est d\u2019ailleurs fort probable qu\u2019il appartiendra au juge de pr\u00e9ciser au cas par cas quelle information rel\u00e8ve du secret des affaires ou pas.<\/p>\n<p>Toutefois, l\u2019article L.151-6 pr\u00e9voit des exceptions\u00a0:<\/p>\n<blockquote class=\"spip\"><p>\u00ab\u00a0I. \u2013 Le secret des affaires n\u2019est pas prot\u00e9g\u00e9 lorsque l\u2019obtention, l\u2019utilisation ou la divulgation du secret est requise ou autoris\u00e9e par le droit de l\u2019Union europ\u00e9enne ou le droit national, notamment dans l\u2019exercice des pouvoirs d\u2019enqu\u00eate, de contr\u00f4le, d\u2019autorisation ou de sanction des autorit\u00e9s judiciaires ou administratives.<\/p>\n<p>Il n\u2019est pas non plus prot\u00e9g\u00e9 lorsque l\u2019obtention, l\u2019utilisation ou la divulgation du secret est intervenue\u00a0:<br class=\"autobr\" \/>1\u00b0 Pour exercer le droit \u00e0 la libert\u00e9 d\u2019expression et de communication, y compris le respect de la libert\u00e9 de la presse, et \u00e0 la libert\u00e9 d\u2019information telle qu\u2019\u00e9tablie dans la Charte des droits fondamentaux de l\u2019Union europ\u00e9enne\u00a0; <br class=\"autobr\" \/>2\u00b0 Pour r\u00e9v\u00e9ler, dans le but de prot\u00e9ger l\u2019int\u00e9r\u00eat g\u00e9n\u00e9ral et de bonne foi, une activit\u00e9 ill\u00e9gale, une faute ou un comportement r\u00e9pr\u00e9hensible, y compris lors de l\u2019exercice du droit d\u2019alerte tel que d\u00e9fini par l\u2019article 6 de la loi n\u00b0\u00a02016-1691 du 9 d\u00e9cembre 2016 relative \u00e0 la transparence, \u00e0 la lutte contre la corruption et \u00e0 la modernisation de la vie \u00e9conomique\u00a0; <br class=\"autobr\" \/>3\u00b0 Pour la protection d\u2019un int\u00e9r\u00eat l\u00e9gitime reconnu par le droit de l\u2019Union europ\u00e9enne ou le droit national, notamment pour emp\u00eacher ou faire cesser toute menace ou atteinte \u00e0 l\u2019ordre public, \u00e0 la s\u00e9curit\u00e9 publique, \u00e0 la sant\u00e9 publique et \u00e0 l\u2019environnement.<\/p>\n<p>II. \u2013 Le secret des affaires n\u2019est \u00e9galement pas prot\u00e9g\u00e9 lorsque\u00a0: <br class=\"autobr\" \/>1\u00b0 L\u2019obtention du secret des affaires est intervenue dans le cadre de l\u2019exercice du droit \u00e0 l\u2019information et \u00e0 la consultation des salari\u00e9s ou de leurs repr\u00e9sentants\u00a0; <br class=\"autobr\" \/>2\u00b0 La divulgation du secret des affaires par des salari\u00e9s \u00e0 leurs repr\u00e9sentants est intervenue dans le cadre de l\u2019exercice l\u00e9gitime par ces derniers de leurs fonctions, pour autant que cette divulgation ait \u00e9t\u00e9 n\u00e9cessaire \u00e0 cet exercice.\u00a0\u00bb<\/p><\/blockquote>\n<p>Ainsi, dans le cas des <strong>LuxLeaks<\/strong> les journalistes auraient donc pu se d\u00e9fendre en prouvant que la divulgation des informations prot\u00e9g\u00e9es a \u00e9t\u00e9 effectu\u00e9e dans l\u2019exercice de leur \u00ab\u00a0<i>libert\u00e9 d\u2019expression et de communication, y compris le respect de la libert\u00e9 de la presse, et \u00e0 la libert\u00e9 d\u2019information telle qu\u2019\u00e9tablie dans la Charte des droits fondamentaux de l\u2019Union europ\u00e9enne<\/i>\u00a0\u00bb.<\/p>\n<p>Par cons\u00e9quent, les journalistes ne seront peut-\u00eatre pas condamn\u00e9s pour la violation du secret d\u2019affaires mais le seul risque d\u2019\u00eatre poursuivi a un effet dissuasif en ce qu\u2019il fait peser une pression financi\u00e8re et sociale sur les personnes vis\u00e9es, qui, selon leur statut, pourraient \u00eatre conduites \u00e0 abandonner toute vell\u00e9it\u00e9 de divulguer les informations qu\u2019elles d\u00e9tiennent. Ces pratiques, d\u00e9sormais clairement identifi\u00e9es comme \u00e9tant des \u00ab\u00a0poursuites b\u00e2illons\u00a0\u00bb sont devenues monnaie courante pour certaines multinationales qui sont de plus en plus imaginatives sur leur suppos\u00e9 fondement.<\/p>\n<p>En ce sens, il est important de pr\u00e9voir des amendes civiles dissuasives en cas de proc\u00e9dure dilatoire ou abusive de la part des plaignants pour \u00e9viter ces pratiques. Or, l\u2019article L. 152-6 du code du commerce plafonne l\u2019amende \u00e0 <i>\u00ab\u00a020\u00a0% du montant de la demande de dommages et int\u00e9r\u00eats\u00a0\u00bb<\/i> demand\u00e9s, ou, en l\u2019absence de demande de dommages et int\u00e9r\u00eats, \u00e0 60 000 euros. Une somme \u00e9videmment d\u00e9risoire s\u2019il s\u2019agit de dissuader des multinationales faisant des milliards d\u2019euros de profits de se servir de la justice pour emp\u00eacher la divulgation d\u2019informations g\u00eanantes. Plus inqui\u00e9tant encore, le S\u00e9nat a supprim\u00e9 la sanction civile lors de l\u2019adoption de son texte en premi\u00e8re lecture.<\/p>\n<p><center>***<\/center><br \/>\nLa loi dite \u00ab\u00a0secret des affaires\u00a0\u00bb\u00a0: une \u00e9tape suppl\u00e9mentaire dans un travail de sophistication des outils juridiques permettant \u00e0 ceux qui ont int\u00e9r\u00eat \u00e0 ce que ne soient pas d\u00e9voil\u00e9es au public certaines informations relatives aux activit\u00e9s des entreprises, de restreindre le nombre et le type de th\u00e8mes et d\u2019 objets consid\u00e9r\u00e9s comme l\u00e9galement \u00ab\u00a0investigables\u00a0\u00bb par des journalistes, chercheurs, ONG, syndicats, etc.<span class=\"spip_note_ref\">\u00a0[<a id=\"nh9\" class=\"spip_note\" title=\"la loi relative au renseignement promulgu\u00e9e le 24 juillet 2015 constituant\u00a0(...)\" href=\"http:\/\/www.acrimed.org\/La-loi-dite-secret-des-affaires-extension-du#nb9\" rel=\"footnote\">9<\/a>]<\/span>. Cette loi agira probablement comme un poison plus ou moins lent selon la solidit\u00e9 financi\u00e8re du m\u00e9dia attaqu\u00e9 et la position dans l\u2019espace m\u00e9diatique des m\u00e9dias et journalistes concern\u00e9s et sera une arme au service des int\u00e9r\u00eats priv\u00e9s contre l\u2019int\u00e9r\u00eat g\u00e9n\u00e9ral.<\/p>\n<div class=\"col-md-3 column notes\">\n<div id=\"nb1\">\n<p><span class=\"spip_note_ref\"><a class=\"spip_note\" title=\"Notes 1\" href=\"http:\/\/www.acrimed.org\/La-loi-dite-secret-des-affaires-extension-du#nh1\" rev=\"footnote\">[1<\/a>]\u00a0<\/span>P\u00e9tition dont notre association est signataire.<\/p>\n<\/div>\n<div id=\"nb2\">\n<p><span class=\"spip_note_ref\">[<a class=\"spip_note\" title=\"Notes 2\" href=\"http:\/\/www.acrimed.org\/La-loi-dite-secret-des-affaires-extension-du#nh2\" rev=\"footnote\">2<\/a>]\u00a0<\/span>\u00c0 partir de 19 h, \u00e0 la Bourse du travail de Paris (3 rue du Ch\u00e2teau-d\u2019Eau, Paris 10e).<\/p>\n<\/div>\n<div id=\"nb3\">\n<p><span class=\"spip_note_ref\">[<a class=\"spip_note\" title=\"Notes 3\" href=\"http:\/\/www.acrimed.org\/La-loi-dite-secret-des-affaires-extension-du#nh3\" rev=\"footnote\">3<\/a>]\u00a0<\/span>D\u00e9pos\u00e9e le 29 d\u00e9cembre 2015<strong>.<\/strong><\/p>\n<\/div>\n<div id=\"nb4\">\n<p><span class=\"spip_note_ref\">[<a class=\"spip_note\" title=\"Notes 4\" href=\"http:\/\/www.acrimed.org\/La-loi-dite-secret-des-affaires-extension-du#nh4\" rev=\"footnote\">4<\/a>]\u00a0<\/span>Le directeur d\u2019alors de cet observatoire.<\/p>\n<\/div>\n<div id=\"nb5\">\n<p><span class=\"spip_note_ref\">[<a class=\"spip_note\" title=\"Notes 5\" href=\"http:\/\/www.acrimed.org\/La-loi-dite-secret-des-affaires-extension-du#nh5\" rev=\"footnote\">5<\/a>]\u00a0<\/span>Merci \u00e0 Laura Rousseau de l\u2019association Sherpa qui nous a grandement aid\u00e9s \u00e0 r\u00e9aliser l\u2019analyse de ce cas.<\/p>\n<\/div>\n<div id=\"nb6\">\n<p><span class=\"spip_note_ref\">[<a class=\"spip_note\" title=\"Notes 6\" href=\"http:\/\/www.acrimed.org\/La-loi-dite-secret-des-affaires-extension-du#nh6\" rev=\"footnote\">6<\/a>]\u00a0<\/span>\u00c9tant entendu que la d\u00e9finition de la \u00ab\u00a0valeur commerciale\u00a0\u00bb est ici compl\u00e8tement arbitraire et si large que toute information concernant le fonctionnement d\u2019une entreprise pourrait y entrer\u2026<\/p>\n<\/div>\n<div id=\"nb7\">\n<p><span class=\"spip_note_ref\">[<a class=\"spip_note\" title=\"Notes 7\" href=\"http:\/\/www.acrimed.org\/La-loi-dite-secret-des-affaires-extension-du#nh7\" rev=\"footnote\">7<\/a>]\u00a0<\/span>Ce qui n\u2019est gu\u00e8re surprenant s\u2019agissant d\u2019accords fiscaux par nature\u2026 confidentiels\u00a0!<\/p>\n<\/div>\n<div id=\"nb8\">\n<p><span class=\"spip_note_ref\">[<a class=\"spip_note\" title=\"Notes 8\" href=\"http:\/\/www.acrimed.org\/La-loi-dite-secret-des-affaires-extension-du#nh8\" rev=\"footnote\">8<\/a>]\u00a0<\/span>Pour les LuxLeaks, le secret des affaires avait \u00e9t\u00e9 invoqu\u00e9 devant la justice luxembourgeoise par PWC et au printemps 2016, le proc\u00e8s dit LuxLeaks aboutit \u00e0 la condamnation des deux salari\u00e9s ayant fait fuiter les documents. En mars 2017, le proc\u00e8s en appel confirme leur condamnation, mais la Cour de cassation du Luxembourg casse finalement en janvier 2018 la condamnation de l\u2019un d\u2019eux, lui reconnaissant pleinement le statut de lanceur d\u2019alerte.<\/p>\n<\/div>\n<div id=\"nb9\">\n<p><span class=\"spip_note_ref\">[<a class=\"spip_note\" title=\"Notes 9\" href=\"http:\/\/www.acrimed.org\/La-loi-dite-secret-des-affaires-extension-du#nh9\" rev=\"footnote\">9<\/a>]\u00a0<\/span>la loi relative au renseignement promulgu\u00e9e le 24 juillet 2015 constituant elle aussi une menace pour la libert\u00e9 d\u2019expression, notamment celle des journalistes.<\/p>\n<\/div>\n<\/div>\n<\/div>\n<p>&nbsp;<\/p>\n<p>&nbsp;<\/p>\n","protected":false},"excerpt":{"rendered":"<p>PARTIE 1 : En quoi consiste la loi la loi contre les \u00ab\u00a0fake news\u00a0\u00bb ? sources : Francetvinfo.fr D\u00e8s jeudi 7 juin , les d\u00e9put\u00e9s examinent\u00a0un projet de loi visant \u00e0 lutter contre \u00ab\u00a0la manipulation de l&rsquo;information\u00a0\u00bb en France. En quoi consiste exactement cette loi\u00a0anti-fake news\u00a0? Comment sera-t-elle appliqu\u00e9e\u00a0? El\u00e9ments de r\u00e9ponse avec notre assistant [&hellip;]<\/p>\n","protected":false},"author":1,"featured_media":0,"parent":519,"menu_order":0,"comment_status":"closed","ping_status":"closed","template":"","meta":{"footnotes":""},"_links":{"self":[{"href":"http:\/\/ses-lfz.ch\/sesnet\/wp-json\/wp\/v2\/pages\/1224"}],"collection":[{"href":"http:\/\/ses-lfz.ch\/sesnet\/wp-json\/wp\/v2\/pages"}],"about":[{"href":"http:\/\/ses-lfz.ch\/sesnet\/wp-json\/wp\/v2\/types\/page"}],"author":[{"embeddable":true,"href":"http:\/\/ses-lfz.ch\/sesnet\/wp-json\/wp\/v2\/users\/1"}],"replies":[{"embeddable":true,"href":"http:\/\/ses-lfz.ch\/sesnet\/wp-json\/wp\/v2\/comments?post=1224"}],"version-history":[{"count":11,"href":"http:\/\/ses-lfz.ch\/sesnet\/wp-json\/wp\/v2\/pages\/1224\/revisions"}],"predecessor-version":[{"id":1236,"href":"http:\/\/ses-lfz.ch\/sesnet\/wp-json\/wp\/v2\/pages\/1224\/revisions\/1236"}],"up":[{"embeddable":true,"href":"http:\/\/ses-lfz.ch\/sesnet\/wp-json\/wp\/v2\/pages\/519"}],"wp:attachment":[{"href":"http:\/\/ses-lfz.ch\/sesnet\/wp-json\/wp\/v2\/media?parent=1224"}],"curies":[{"name":"wp","href":"https:\/\/api.w.org\/{rel}","templated":true}]}}