{"id":1315,"date":"2019-01-14T13:33:31","date_gmt":"2019-01-14T12:33:31","guid":{"rendered":"http:\/\/ses-lfz.ch\/sesnet\/?page_id=1315"},"modified":"2019-01-16T01:31:08","modified_gmt":"2019-01-16T00:31:08","slug":"ses-2019","status":"publish","type":"page","link":"http:\/\/ses-lfz.ch\/sesnet\/informations-utiles-2\/ses-2019\/","title":{"rendered":"SES 2019"},"content":{"rendered":"<div class=\"page\" title=\"Page 3\">\n<div class=\"layoutArea\">\n<div class=\"column\">\n<h2><span style=\"color: #3366ff;\"><strong>L\u2019enseignement de sp\u00e9cialit\u00e9 de sciences \u00e9conomiques et sociales<\/strong><\/span><\/h2>\n<h4><span style=\"color: #0000ff;\">1 &#8211; Les objectifs<\/span><\/h4>\n<p>L\u2019enseignement de sp\u00e9cialit\u00e9 de sciences \u00e9conomiques et sociales dans le cycle terminal s\u2019adresse aux \u00e9l\u00e8ves d\u00e9sireux de poursuivre l\u2019enseignement commun suivi en seconde dans une logique d\u2019approfondissement et de diversification des th\u00e8mes abord\u00e9s. Les objectifs principaux de cet enseignement sont les suivants :<\/p>\n<p>&#8211;\u00a0participer \u00e0 la formation intellectuelle des \u00e9l\u00e8ves en renfor\u00e7ant leur acquisition des concepts, m\u00e9thodes et probl\u00e9matiques essentiels de la science \u00e9conomique, de la sociologie et de la science politique ;<\/p>\n<p>&#8211;\u00a0pr\u00e9parer les \u00e9l\u00e8ves \u00e0 la poursuite d\u2019\u00e9tudes post-baccalaur\u00e9at et leur permettre defaire des choix \u00e9clair\u00e9s d\u2019orientation dans l&rsquo;enseignement sup\u00e9rieur.<\/p>\n<p>&#8211;\u00a0contribuer \u00e0 la formation civique des \u00e9l\u00e8ves gr\u00e2ce \u00e0 la ma\u00eetrise de connaissances qui favorisent la participation au d\u00e9bat public sur les grands enjeux \u00e9conomiques, sociaux et politiques des soci\u00e9t\u00e9s contemporaines.<\/p>\n<h4><span style=\"color: #0000ff;\">2 &#8211; Le contenu du programme\u00a0:<\/span><\/h4>\n<\/div>\n<\/div>\n<\/div>\n<p style=\"padding-left: 30px;\"><em>En classe de seconde :<\/em><\/p>\n<p><a href=\"http:\/\/cache.media.eduscol.education.fr\/file\/Consultations2018-2019\/71\/1\/PPL18_SES_COM_2e_1025711.pdf\">Le programme de SES en classe de seconde<\/a><\/p>\n<p style=\"padding-left: 30px;\"><em>En classe de premi\u00e8re :<\/em><\/p>\n<p>En premi\u00e8re, le programme comporte 12 chapitres dont 5 d&rsquo;\u00e9conomie (A), 3 de sociologie (B), 2 de science politique (C), 2 de regards crois\u00e9s (\u00e9conomie et sociologie) (D)<\/p>\n<p><em>A\u00a0: \u00c9conomie<\/em><\/p>\n<p>Sont abord\u00e9s le fonctionnement du march\u00e9 (chap.1) suivi du fonctionnement des march\u00e9s imparfaitement concurrentiels (chap.2) puis des d\u00e9faillances du march\u00e9 (chap3). Les deux chapitres suivants concernent les agents \u00e9conomiques et leur financement et la monnaie.<\/p>\n<p><em>B\u00a0: Sociologie<\/em><\/p>\n<p>Sont abord\u00e9s la socialisation, la construction du lien social et la d\u00e9viance.<\/p>\n<p><em>C\u00a0: Science politique<\/em><\/p>\n<p>Sont abord\u00e9s la formation de l&rsquo;opinion publique et le vote.<\/p>\n<p><em>D\u00a0: Regards crois\u00e9s.<\/em><\/p>\n<p>Deux chapitres seulement croisent les disciplines : un chapitre sur l&rsquo;assurance sociale et la gestion du risque et un autre sur le gouvernement des entreprises.<\/p>\n<p><a href=\"http:\/\/cache.media.eduscol.education.fr\/file\/Consultations2018-2019\/71\/2\/PPL18_SES_SPE_1eGen_1025712.pdf\">Le programme de SES en classe de premi\u00e8re<\/a><\/p>\n<h4><span style=\"color: #0000ff;\"><strong>3 &#8211; Les comp\u00e9tences transversales \u00e0 maitriser<\/strong><\/span><\/h4>\n<div class=\"page\" title=\"Page 4\">\n<div class=\"layoutArea\">\n<div class=\"column\">\n<p style=\"padding-left: 30px;\">En fin de classe de premi\u00e8re :<\/p>\n<p style=\"padding-left: 60px;\">&#8211; mobilisation des connaissances ;<\/p>\n<p style=\"padding-left: 60px;\">&#8211; r\u00e9solution chiffr\u00e9e et graphique d\u2019exercices simples ;<\/p>\n<p style=\"padding-left: 60px;\">&#8211; collecte et traitement de l\u2019information ;-<\/p>\n<p style=\"padding-left: 60px;\">&#8211; analyse et mobilisation des donn\u00e9es ;<\/p>\n<p style=\"padding-left: 60px;\">&#8211; analyse et mobilisation de documents de natures diverses ;<\/p>\n<p style=\"padding-left: 60px;\">&#8211; construction d\u2019une argumentation \/ d\u2019un raisonnement rigoureux ;<\/p>\n<p style=\"padding-left: 60px;\">&#8211; ma\u00eetrise de l\u2019expression \u00e9crite et orale.<\/p>\n<p style=\"padding-left: 30px;\">En fin de classe terminale (en plus des comp\u00e9tences transversales acquises en fin de premi\u00e8re)<\/p>\n<p style=\"padding-left: 60px;\">&#8211; construction d\u2019une probl\u00e9matique ;<\/p>\n<p style=\"padding-left: 60px;\">&#8211; construction d\u2019une dissertation.<\/p>\n<h4><strong style=\"color: #0000ff;\">4 &#8211; Le choix des sp\u00e9cialit\u00e9s\u00a0\u00e0 partir des attendus des fili\u00e8res de l\u2019enseignement sup\u00e9rieur tels qu\u2019il existent actuellement.<\/strong><\/h4>\n<\/div>\n<\/div>\n<\/div>\n<p><img decoding=\"async\" loading=\"lazy\" class=\"alignnone wp-image-1332\" src=\"http:\/\/ses-lfz.ch\/sesnet\/wp-content\/uploads\/2019\/01\/Capture-d\u2019\u00e9cran-2019-01-16-\u00e0-00.40.40-300x230.png\" alt=\"\" width=\"442\" height=\"339\" srcset=\"http:\/\/ses-lfz.ch\/sesnet\/wp-content\/uploads\/2019\/01\/Capture-d\u2019\u00e9cran-2019-01-16-\u00e0-00.40.40-300x230.png 300w, http:\/\/ses-lfz.ch\/sesnet\/wp-content\/uploads\/2019\/01\/Capture-d\u2019\u00e9cran-2019-01-16-\u00e0-00.40.40-768x589.png 768w, http:\/\/ses-lfz.ch\/sesnet\/wp-content\/uploads\/2019\/01\/Capture-d\u2019\u00e9cran-2019-01-16-\u00e0-00.40.40.png 902w\" sizes=\"(max-width: 442px) 100vw, 442px\" \/><\/p>\n","protected":false},"excerpt":{"rendered":"<p>L\u2019enseignement de sp\u00e9cialit\u00e9 de sciences \u00e9conomiques et sociales 1 &#8211; Les objectifs L\u2019enseignement de sp\u00e9cialit\u00e9 de sciences \u00e9conomiques et sociales dans le cycle terminal s\u2019adresse aux \u00e9l\u00e8ves d\u00e9sireux de poursuivre l\u2019enseignement commun suivi en seconde dans une logique d\u2019approfondissement et de diversification des th\u00e8mes abord\u00e9s. Les objectifs principaux de cet enseignement sont les suivants : [&hellip;]<\/p>\n","protected":false},"author":1,"featured_media":0,"parent":189,"menu_order":0,"comment_status":"closed","ping_status":"closed","template":"","meta":{"footnotes":""},"_links":{"self":[{"href":"http:\/\/ses-lfz.ch\/sesnet\/wp-json\/wp\/v2\/pages\/1315"}],"collection":[{"href":"http:\/\/ses-lfz.ch\/sesnet\/wp-json\/wp\/v2\/pages"}],"about":[{"href":"http:\/\/ses-lfz.ch\/sesnet\/wp-json\/wp\/v2\/types\/page"}],"author":[{"embeddable":true,"href":"http:\/\/ses-lfz.ch\/sesnet\/wp-json\/wp\/v2\/users\/1"}],"replies":[{"embeddable":true,"href":"http:\/\/ses-lfz.ch\/sesnet\/wp-json\/wp\/v2\/comments?post=1315"}],"version-history":[{"count":23,"href":"http:\/\/ses-lfz.ch\/sesnet\/wp-json\/wp\/v2\/pages\/1315\/revisions"}],"predecessor-version":[{"id":1349,"href":"http:\/\/ses-lfz.ch\/sesnet\/wp-json\/wp\/v2\/pages\/1315\/revisions\/1349"}],"up":[{"embeddable":true,"href":"http:\/\/ses-lfz.ch\/sesnet\/wp-json\/wp\/v2\/pages\/189"}],"wp:attachment":[{"href":"http:\/\/ses-lfz.ch\/sesnet\/wp-json\/wp\/v2\/media?parent=1315"}],"curies":[{"name":"wp","href":"https:\/\/api.w.org\/{rel}","templated":true}]}}