{"id":144,"date":"2017-07-19T15:27:13","date_gmt":"2017-07-19T13:27:13","guid":{"rendered":"http:\/\/ses-lfz.ch\/sesnet\/?page_id=144"},"modified":"2018-03-03T17:13:12","modified_gmt":"2018-03-03T16:13:12","slug":"chapitre-5-les-repertoires-de-laction-politique-aujourdhui","status":"publish","type":"page","link":"http:\/\/ses-lfz.ch\/sesnet\/seconde-2-ses\/chapitre-5-les-repertoires-de-laction-politique-aujourdhui\/","title":{"rendered":"Chapitre  5 : Les r\u00e9pertoires de l\u2019action politique aujourd\u2019hui"},"content":{"rendered":"<h4>Ce que dit le programme :<\/h4>\n<p><strong>Th\u00e8mes et questionnements :<\/strong> Quels sont les r\u00e9pertoires de l&rsquo;action politique aujourd&rsquo;hui ?<\/p>\n<p><strong>Notions : <\/strong>R\u00e9pertoires d&rsquo;action politique.<\/p>\n<p><strong>Indications compl\u00e9mentaires : <\/strong>Tout en insistant sur l&rsquo;importance de l&rsquo;acte \u00e9lectoral et de<br \/>\nson rituel, on proposera une conception ouverte de la notion de r\u00e9pertoire d&rsquo;action politique ne se r\u00e9sumant pas \u00e0 la pratique r\u00e9guli\u00e8re du vote. On pr\u00e9sentera notamment les dimensions individuelles comme collectives de l&rsquo;action de protestation politique. L&rsquo;\u00e9volution des r\u00e9pertoires d&rsquo;action politique sera appr\u00e9ci\u00e9e tant dans le temps long des transformations de l&rsquo;ordre politique d\u00e9mocratique que dans<br \/>\nle temps court de la conjoncture politique.<\/p>\n<h4><strong>Ressources vid\u00e9os :<\/strong><\/h4>\n<p><strong>Vid\u00e9o 1 : La participation politique conventionnelle<\/strong><\/p>\n<p><iframe loading=\"lazy\" src=\"https:\/\/www.youtube.com\/embed\/7JX224YPTS4\" width=\"560\" height=\"315\" frameborder=\"0\" allowfullscreen=\"allowfullscreen\"><\/iframe><\/p>\n<p><strong>Vid\u00e9o 2 : La participation politique non conventionnelle<\/strong><\/p>\n<p><iframe loading=\"lazy\" width=\"560\" height=\"315\" src=\"https:\/\/www.youtube.com\/embed\/qD3aUpj7Bvs\" frameborder=\"0\" allow=\"autoplay; encrypted-media\" allowfullscreen><\/iframe><br \/>\n&nbsp;<\/p>\n<p>&nbsp;<\/p>\n","protected":false},"excerpt":{"rendered":"<p>Ce que dit le programme : Th\u00e8mes et questionnements : Quels sont les r\u00e9pertoires de l&rsquo;action politique aujourd&rsquo;hui ? Notions : R\u00e9pertoires d&rsquo;action politique. Indications compl\u00e9mentaires : Tout en insistant sur l&rsquo;importance de l&rsquo;acte \u00e9lectoral et de son rituel, on proposera une conception ouverte de la notion de r\u00e9pertoire d&rsquo;action politique ne se r\u00e9sumant pas [&hellip;]<\/p>\n","protected":false},"author":1,"featured_media":0,"parent":11,"menu_order":0,"comment_status":"closed","ping_status":"closed","template":"","meta":{"footnotes":""},"_links":{"self":[{"href":"http:\/\/ses-lfz.ch\/sesnet\/wp-json\/wp\/v2\/pages\/144"}],"collection":[{"href":"http:\/\/ses-lfz.ch\/sesnet\/wp-json\/wp\/v2\/pages"}],"about":[{"href":"http:\/\/ses-lfz.ch\/sesnet\/wp-json\/wp\/v2\/types\/page"}],"author":[{"embeddable":true,"href":"http:\/\/ses-lfz.ch\/sesnet\/wp-json\/wp\/v2\/users\/1"}],"replies":[{"embeddable":true,"href":"http:\/\/ses-lfz.ch\/sesnet\/wp-json\/wp\/v2\/comments?post=144"}],"version-history":[{"count":5,"href":"http:\/\/ses-lfz.ch\/sesnet\/wp-json\/wp\/v2\/pages\/144\/revisions"}],"predecessor-version":[{"id":1014,"href":"http:\/\/ses-lfz.ch\/sesnet\/wp-json\/wp\/v2\/pages\/144\/revisions\/1014"}],"up":[{"embeddable":true,"href":"http:\/\/ses-lfz.ch\/sesnet\/wp-json\/wp\/v2\/pages\/11"}],"wp:attachment":[{"href":"http:\/\/ses-lfz.ch\/sesnet\/wp-json\/wp\/v2\/media?parent=144"}],"curies":[{"name":"wp","href":"https:\/\/api.w.org\/{rel}","templated":true}]}}