{"id":258,"date":"2017-09-07T23:07:44","date_gmt":"2017-09-07T21:07:44","guid":{"rendered":"http:\/\/ses-lfz.ch\/sesnet\/?page_id=258"},"modified":"2017-09-08T08:29:33","modified_gmt":"2017-09-08T06:29:33","slug":"programme-emc-premiere","status":"publish","type":"page","link":"http:\/\/ses-lfz.ch\/sesnet\/emc\/emc-premiere\/programme-emc-premiere\/","title":{"rendered":"Programme EMC Premi\u00e8re"},"content":{"rendered":"<p>L&rsquo;enseignement moral et civique a pour objectif de permettre aux \u00e9l\u00e8ves de saisir les enjeux moraux et civiques de l&rsquo;appartenance \u00e0 une soci\u00e9t\u00e9 d\u00e9mocratique contemporaine. En classe de premi\u00e8re, les \u00e9l\u00e8ves r\u00e9fl\u00e9chiront au lien qui existe entre soci\u00e9t\u00e9 d\u00e9mocratique et soci\u00e9t\u00e9 de l&rsquo;information. Pour chaque th\u00e8me, les questions \u00e9thiques et civiques sont \u00e9troitement li\u00e9es et aucune de ces dimensions ne doit \u00eatre n\u00e9glig\u00e9e. Les connaissances sont abord\u00e9es en vue des comp\u00e9tences \u00e0 acqu\u00e9rir. Les suggestions de pratiques de classe sont indicatives. Trois d\u00e9marches sont n\u00e9anmoins privil\u00e9gi\u00e9es pour la mise en \u0153uvre de cet enseignement auquel contribuent toutes les disciplines : le d\u00e9bat argument\u00e9, les projets interdisciplinaires (type TPE) et le partenariat.<\/p>\n<p><a href=\"http:\/\/ses-lfz.ch\/sesnet\/wp-content\/uploads\/2017\/09\/Exercer-sa-citoyennet\u00e9-dans-la-r\u00e9publique-Fran\u00e7aise-et-lUnion-Europ\u00e9enne.pdf\">Exercer sa citoyennet\u00e9 dans la r\u00e9publique Fran\u00e7aise et l&rsquo;Union Europ\u00e9enne<\/a><\/p>\n<p><a href=\"http:\/\/ses-lfz.ch\/sesnet\/wp-content\/uploads\/2017\/09\/Les-enjeux-moraux-et-civiques-de-la-soci\u00e9t\u00e9-de-linformation.pdf\">Les enjeux moraux et civiques de la soci\u00e9t\u00e9 de l&rsquo;information<\/a><\/p>\n","protected":false},"excerpt":{"rendered":"<p>L&rsquo;enseignement moral et civique a pour objectif de permettre aux \u00e9l\u00e8ves de saisir les enjeux moraux et civiques de l&rsquo;appartenance \u00e0 une soci\u00e9t\u00e9 d\u00e9mocratique contemporaine. En classe de premi\u00e8re, les \u00e9l\u00e8ves r\u00e9fl\u00e9chiront au lien qui existe entre soci\u00e9t\u00e9 d\u00e9mocratique et soci\u00e9t\u00e9 de l&rsquo;information. Pour chaque th\u00e8me, les questions \u00e9thiques et civiques sont \u00e9troitement li\u00e9es et [&hellip;]<\/p>\n","protected":false},"author":1,"featured_media":0,"parent":14,"menu_order":0,"comment_status":"closed","ping_status":"closed","template":"","meta":{"footnotes":""},"_links":{"self":[{"href":"http:\/\/ses-lfz.ch\/sesnet\/wp-json\/wp\/v2\/pages\/258"}],"collection":[{"href":"http:\/\/ses-lfz.ch\/sesnet\/wp-json\/wp\/v2\/pages"}],"about":[{"href":"http:\/\/ses-lfz.ch\/sesnet\/wp-json\/wp\/v2\/types\/page"}],"author":[{"embeddable":true,"href":"http:\/\/ses-lfz.ch\/sesnet\/wp-json\/wp\/v2\/users\/1"}],"replies":[{"embeddable":true,"href":"http:\/\/ses-lfz.ch\/sesnet\/wp-json\/wp\/v2\/comments?post=258"}],"version-history":[{"count":2,"href":"http:\/\/ses-lfz.ch\/sesnet\/wp-json\/wp\/v2\/pages\/258\/revisions"}],"predecessor-version":[{"id":262,"href":"http:\/\/ses-lfz.ch\/sesnet\/wp-json\/wp\/v2\/pages\/258\/revisions\/262"}],"up":[{"embeddable":true,"href":"http:\/\/ses-lfz.ch\/sesnet\/wp-json\/wp\/v2\/pages\/14"}],"wp:attachment":[{"href":"http:\/\/ses-lfz.ch\/sesnet\/wp-json\/wp\/v2\/media?parent=258"}],"curies":[{"name":"wp","href":"https:\/\/api.w.org\/{rel}","templated":true}]}}