{"id":299,"date":"2017-09-11T21:35:39","date_gmt":"2017-09-11T19:35:39","guid":{"rendered":"http:\/\/ses-lfz.ch\/sesnet\/?page_id=299"},"modified":"2017-09-11T22:07:30","modified_gmt":"2017-09-11T20:07:30","slug":"ce-que-dit-le-programme","status":"publish","type":"page","link":"http:\/\/ses-lfz.ch\/sesnet\/premiere-es\/chapitre-3-marche-et-concurrence\/ce-que-dit-le-programme\/","title":{"rendered":"Ce que dit le programme"},"content":{"rendered":"<p><strong>I\u00a0: Qu&rsquo;est-ce qu&rsquo;un march\u00e9 ?<\/strong><\/p>\n<p><em><u>Notions\u00a0:<\/u><\/em> Institutions marchandes, droits de propri\u00e9t\u00e9<\/p>\n<p><em><u>Indications compl\u00e9mentaires\u00a0: <\/u><\/em>On pr\u00e9sentera la diversit\u00e9 des march\u00e9s concrets (depuis les foires du<\/p>\n<p>Moyen \u00c2ge jusqu&rsquo;aux achats en ligne ; les march\u00e9s des biens, des services, des actifs, du travail, etc.). On montrera que le fonctionnement des march\u00e9s n\u00e9cessite des r\u00e8gles de droit, qui d\u00e9terminent notamment qui poss\u00e8de quoi, et ce qui peut \u00eatre ou non \u00e9chang\u00e9. On montrera que le march\u00e9 suppose notamment l&rsquo;existence d&rsquo;institutions et de conventions (par exemple, marchandage, achat \u00e0 l&rsquo;unit\u00e9 ou en nombre, ench\u00e8res, etc.). On expliquera en quoi les droits de propri\u00e9t\u00e9 (y compris les droits d&rsquo;auteur, brevets, marques, etc.) sont au fondement de l&rsquo;\u00e9change. On s&rsquo;interrogera sur les limites de l&rsquo;\u00e9change marchand (existence de commerces illicites, brevetabilit\u00e9 du vivant, interdiction du commerce d&rsquo;organes, etc.).<\/p>\n<p>&nbsp;<\/p>\n<p><strong>II\u00a0: Comment un march\u00e9 concurrentiel fonctionne-t-il ?<\/strong><\/p>\n<p><em><u>Notions\u00a0: <\/u><\/em>Offre et demande, prix et quantit\u00e9 d&rsquo;\u00e9quilibre, preneur de prix, rationnement, surplus, gains \u00e0 l&rsquo;\u00e9change, allocation des ressources.<\/p>\n<p><em><u>Indications compl\u00e9mentaires\u00a0: <\/u><\/em>On s&rsquo;attachera \u00e0 mettre en \u00e9vidence les d\u00e9terminants des comportements des agents, offreurs et demandeurs, puis on proc\u00e9dera \u00e0 la construction des courbes d&rsquo;offre et de demande et \u00e0 l&rsquo;analyse de la formation de l&rsquo;\u00e9quilibre sur un march\u00e9 de type concurrentiel. La modification des conditions d&rsquo;offre ou de demande permettra de montrer comment s&rsquo;ajustent, dans le temps, prix et quantit\u00e9s d&rsquo;\u00e9quilibre. On \u00e9tudiera les r\u00e9actions de l&rsquo;acheteur aux changements des incitations (augmentation du prix du tabac, de la fiscalit\u00e9 sur les carburants, prime \u00e0 la casse sur le march\u00e9 de l&rsquo;automobile, etc.). L&rsquo;\u00e9tude de la notion de surplus et de son partage entre acheteurs et vendeurs permettra d&rsquo;illustrer graphiquement les gains de l&rsquo;\u00e9change. On fera appara\u00eetre l&rsquo;existence de situations de rationnement lorsque le prix est fix\u00e9, quelle qu&rsquo;en soit la raison, \u00e0 un autre niveau que celui qui \u00e9quilibre le march\u00e9 (files d&rsquo;attente, r\u00e9glementation des loyers, p\u00e9nuries de places pour des rencontres sportives ou les spectacles, etc.).<\/p>\n","protected":false},"excerpt":{"rendered":"<p>I\u00a0: Qu&rsquo;est-ce qu&rsquo;un march\u00e9 ? Notions\u00a0: Institutions marchandes, droits de propri\u00e9t\u00e9 Indications compl\u00e9mentaires\u00a0: On pr\u00e9sentera la diversit\u00e9 des march\u00e9s concrets (depuis les foires du Moyen \u00c2ge jusqu&rsquo;aux achats en ligne ; les march\u00e9s des biens, des services, des actifs, du travail, etc.). On montrera que le fonctionnement des march\u00e9s n\u00e9cessite des r\u00e8gles de droit, qui [&hellip;]<\/p>\n","protected":false},"author":1,"featured_media":0,"parent":101,"menu_order":0,"comment_status":"closed","ping_status":"closed","template":"","meta":{"footnotes":""},"_links":{"self":[{"href":"http:\/\/ses-lfz.ch\/sesnet\/wp-json\/wp\/v2\/pages\/299"}],"collection":[{"href":"http:\/\/ses-lfz.ch\/sesnet\/wp-json\/wp\/v2\/pages"}],"about":[{"href":"http:\/\/ses-lfz.ch\/sesnet\/wp-json\/wp\/v2\/types\/page"}],"author":[{"embeddable":true,"href":"http:\/\/ses-lfz.ch\/sesnet\/wp-json\/wp\/v2\/users\/1"}],"replies":[{"embeddable":true,"href":"http:\/\/ses-lfz.ch\/sesnet\/wp-json\/wp\/v2\/comments?post=299"}],"version-history":[{"count":2,"href":"http:\/\/ses-lfz.ch\/sesnet\/wp-json\/wp\/v2\/pages\/299\/revisions"}],"predecessor-version":[{"id":329,"href":"http:\/\/ses-lfz.ch\/sesnet\/wp-json\/wp\/v2\/pages\/299\/revisions\/329"}],"up":[{"embeddable":true,"href":"http:\/\/ses-lfz.ch\/sesnet\/wp-json\/wp\/v2\/pages\/101"}],"wp:attachment":[{"href":"http:\/\/ses-lfz.ch\/sesnet\/wp-json\/wp\/v2\/media?parent=299"}],"curies":[{"name":"wp","href":"https:\/\/api.w.org\/{rel}","templated":true}]}}