{"id":302,"date":"2017-09-11T21:37:28","date_gmt":"2017-09-11T19:37:28","guid":{"rendered":"http:\/\/ses-lfz.ch\/sesnet\/?page_id=302"},"modified":"2017-09-11T22:08:40","modified_gmt":"2017-09-11T20:08:40","slug":"ce-que-dit-le-programme","status":"publish","type":"page","link":"http:\/\/ses-lfz.ch\/sesnet\/premiere-es\/chapitre-4-les-limites-du-marche\/ce-que-dit-le-programme\/","title":{"rendered":"Ce que dit le programme"},"content":{"rendered":"<p>I\u00a0: <strong>Comment les march\u00e9s imparfaitement concurrentiels fonctionnent-ils ?<\/strong><\/p>\n<p><em><u>Notions\u00a0:<\/u><\/em> Pouvoir de march\u00e9, oligopole, monopole<\/p>\n<p><em><u>Indications compl\u00e9mentaires\u00a0:<\/u><\/em> On soulignera le caract\u00e8re tr\u00e8s particulier du march\u00e9 concurrentiel et on introduira la notion de structures de march\u00e9. Sans aucun recours \u00e0 la formalisation et \u00e0 l&rsquo;aide d&rsquo;exemples (monopole dans le domaine de l&rsquo;\u00e9lectricit\u00e9 ou du transport, situations de concurrence monopolistique engendr\u00e9es par l&rsquo;innovation ou la diff\u00e9rentiation des produits, oligopoles dans les domaines de l&rsquo;automobile, des composants \u00e9lectroniques, etc.), on montrera que les vendeurs mettent en \u0153uvre des strat\u00e9gies susceptibles de renforcer leur pouvoir de march\u00e9 (positionnement et marketing des produits, ententes entre vendeurs, guerres de prix, cr\u00e9ation de demande captive, etc.). On pourra s&rsquo;interroger sur les conditions favorisant ces structures non concurrentielles et sur le r\u00f4le des pouvoirs publics dans la r\u00e9gulation de la concurrence.<\/p>\n<p>&nbsp;<\/p>\n<p><strong>II\u00a0: Quelles sont les principales d\u00e9faillances du march\u00e9 ?<\/strong><\/p>\n<p><em><u>Notions\u00a0:<\/u><\/em> Asym\u00e9tries d&rsquo;information, externalit\u00e9s, biens collectifs<\/p>\n<p><em><u>Indications compl\u00e9mentaires\u00a0: <\/u><\/em>On montrera qu&rsquo;en situation d&rsquo;information asym\u00e9trique, on constate l&rsquo;existence d&rsquo;\u00e9quilibres avec rationnement voire l&rsquo;absence de march\u00e9 (march\u00e9 des voitures d&rsquo;occasion, march\u00e9s des professionnels de sant\u00e9 et des avocats, march\u00e9 de l&rsquo;assurance, etc.). Les diverses mani\u00e8res de produire et de diffuser de l&rsquo;information &#8211; labellisation, publicit\u00e9, comparateurs de prix, magazines de consommateurs, etc. &#8211; pourront \u00eatre \u00e9voqu\u00e9es, de m\u00eame que la r\u00e9glementation publique sur l&rsquo;information.<\/p>\n<p>En s&rsquo;appuyant sur des exemples, on montrera aussi que les march\u00e9s peuvent \u00eatre d\u00e9faillants dans le domaine de l&rsquo;allocation des ressources en pr\u00e9sence de biens collectifs ou d&rsquo;externalit\u00e9s (pollution, \u00e9clairage public, pollinisation par les abeilles, etc.).<\/p>\n<p>&nbsp;<\/p>\n","protected":false},"excerpt":{"rendered":"<p>I\u00a0: Comment les march\u00e9s imparfaitement concurrentiels fonctionnent-ils ? Notions\u00a0: Pouvoir de march\u00e9, oligopole, monopole Indications compl\u00e9mentaires\u00a0: On soulignera le caract\u00e8re tr\u00e8s particulier du march\u00e9 concurrentiel et on introduira la notion de structures de march\u00e9. Sans aucun recours \u00e0 la formalisation et \u00e0 l&rsquo;aide d&rsquo;exemples (monopole dans le domaine de l&rsquo;\u00e9lectricit\u00e9 ou du transport, situations de [&hellip;]<\/p>\n","protected":false},"author":1,"featured_media":0,"parent":103,"menu_order":0,"comment_status":"closed","ping_status":"closed","template":"","meta":{"footnotes":""},"_links":{"self":[{"href":"http:\/\/ses-lfz.ch\/sesnet\/wp-json\/wp\/v2\/pages\/302"}],"collection":[{"href":"http:\/\/ses-lfz.ch\/sesnet\/wp-json\/wp\/v2\/pages"}],"about":[{"href":"http:\/\/ses-lfz.ch\/sesnet\/wp-json\/wp\/v2\/types\/page"}],"author":[{"embeddable":true,"href":"http:\/\/ses-lfz.ch\/sesnet\/wp-json\/wp\/v2\/users\/1"}],"replies":[{"embeddable":true,"href":"http:\/\/ses-lfz.ch\/sesnet\/wp-json\/wp\/v2\/comments?post=302"}],"version-history":[{"count":2,"href":"http:\/\/ses-lfz.ch\/sesnet\/wp-json\/wp\/v2\/pages\/302\/revisions"}],"predecessor-version":[{"id":330,"href":"http:\/\/ses-lfz.ch\/sesnet\/wp-json\/wp\/v2\/pages\/302\/revisions\/330"}],"up":[{"embeddable":true,"href":"http:\/\/ses-lfz.ch\/sesnet\/wp-json\/wp\/v2\/pages\/103"}],"wp:attachment":[{"href":"http:\/\/ses-lfz.ch\/sesnet\/wp-json\/wp\/v2\/media?parent=302"}],"curies":[{"name":"wp","href":"https:\/\/api.w.org\/{rel}","templated":true}]}}