{"id":314,"date":"2017-09-11T21:43:33","date_gmt":"2017-09-11T19:43:33","guid":{"rendered":"http:\/\/ses-lfz.ch\/sesnet\/?page_id=314"},"modified":"2017-09-11T22:18:52","modified_gmt":"2017-09-11T20:18:52","slug":"ce-que-dit-le-programme","status":"publish","type":"page","link":"http:\/\/ses-lfz.ch\/sesnet\/premiere-es\/chapitre-8-groupes-et-reseaux-sociaux\/ce-que-dit-le-programme\/","title":{"rendered":"Ce que dit le programme"},"content":{"rendered":"<p><strong>Groupes et r\u00e9seaux sociaux<\/strong><\/p>\n<p>&nbsp;<\/p>\n<p><strong>I\u00a0: Comment les individus s&rsquo;associent-ils pour constituer des groupes sociaux ?<\/strong><\/p>\n<p><em><u>Notions\u00a0:<\/u><\/em> Groupes primaire \/ secondaire, groupes d&rsquo;appartenance \/ de r\u00e9f\u00e9rence<\/p>\n<p><em><u>Indications compl\u00e9mentaires\u00a0: <\/u><\/em>On distinguera les groupes sociaux, caract\u00e9ris\u00e9s par l&rsquo;existence d&rsquo;interactions (directes ou indirectes) entre leurs membres et la conscience d&rsquo;une appartenance commune (familles, collectifs de travail, associations, etc.), des cat\u00e9gories statistiques (PCS, groupes d&rsquo;\u00e2ge, etc.).<\/p>\n<p>On montrera que les groupes sociaux se diff\u00e9rencient en fonction de leur taille, de leur r\u00f4le, de leur mode de fonctionnement et de leur degr\u00e9 de coh\u00e9sion. On \u00e9voquera les situations o\u00f9 les individus prennent comme r\u00e9f\u00e9rence un autre groupe que celui auquel ils appartiennent.<\/p>\n<p>&nbsp;<\/p>\n<p><strong>II\u00a0: Comment les r\u00e9seaux sociaux fonctionnent-ils ?<\/strong><\/p>\n<p><em><u>Notions\u00a0: <\/u><\/em>Capital social, Sociabilit\u00e9<\/p>\n<p><em><u>Indications compl\u00e9mentaires\u00a0:<\/u><\/em> On montrera que les r\u00e9seaux sociaux constituent une forme sp\u00e9cifique de coordination entre acteurs et de sociabilit\u00e9 (r\u00e9seaux internet, associations d&rsquo;anciens \u00e9l\u00e8ves, etc.). On pourra pr\u00e9senter quelques exemples tr\u00e8s simples de structuration de r\u00e9seaux sans entrer dans la th\u00e9orie des graphes. On s&rsquo;int\u00e9ressera surtout au r\u00f4le des r\u00e9seaux en mati\u00e8re de recherche d&#8217;emploi en discutant plus particuli\u00e8rement la th\u00e8se de \u00ab la force des liens faibles \u00bb.<\/p>\n","protected":false},"excerpt":{"rendered":"<p>Groupes et r\u00e9seaux sociaux &nbsp; I\u00a0: Comment les individus s&rsquo;associent-ils pour constituer des groupes sociaux ? Notions\u00a0: Groupes primaire \/ secondaire, groupes d&rsquo;appartenance \/ de r\u00e9f\u00e9rence Indications compl\u00e9mentaires\u00a0: On distinguera les groupes sociaux, caract\u00e9ris\u00e9s par l&rsquo;existence d&rsquo;interactions (directes ou indirectes) entre leurs membres et la conscience d&rsquo;une appartenance commune (familles, collectifs de travail, associations, etc.), [&hellip;]<\/p>\n","protected":false},"author":1,"featured_media":0,"parent":111,"menu_order":0,"comment_status":"closed","ping_status":"closed","template":"","meta":{"footnotes":""},"_links":{"self":[{"href":"http:\/\/ses-lfz.ch\/sesnet\/wp-json\/wp\/v2\/pages\/314"}],"collection":[{"href":"http:\/\/ses-lfz.ch\/sesnet\/wp-json\/wp\/v2\/pages"}],"about":[{"href":"http:\/\/ses-lfz.ch\/sesnet\/wp-json\/wp\/v2\/types\/page"}],"author":[{"embeddable":true,"href":"http:\/\/ses-lfz.ch\/sesnet\/wp-json\/wp\/v2\/users\/1"}],"replies":[{"embeddable":true,"href":"http:\/\/ses-lfz.ch\/sesnet\/wp-json\/wp\/v2\/comments?post=314"}],"version-history":[{"count":2,"href":"http:\/\/ses-lfz.ch\/sesnet\/wp-json\/wp\/v2\/pages\/314\/revisions"}],"predecessor-version":[{"id":334,"href":"http:\/\/ses-lfz.ch\/sesnet\/wp-json\/wp\/v2\/pages\/314\/revisions\/334"}],"up":[{"embeddable":true,"href":"http:\/\/ses-lfz.ch\/sesnet\/wp-json\/wp\/v2\/pages\/111"}],"wp:attachment":[{"href":"http:\/\/ses-lfz.ch\/sesnet\/wp-json\/wp\/v2\/media?parent=314"}],"curies":[{"name":"wp","href":"https:\/\/api.w.org\/{rel}","templated":true}]}}