{"id":320,"date":"2017-09-11T21:58:03","date_gmt":"2017-09-11T19:58:03","guid":{"rendered":"http:\/\/ses-lfz.ch\/sesnet\/?page_id=320"},"modified":"2017-09-11T22:22:19","modified_gmt":"2017-09-11T20:22:19","slug":"ce-que-dit-le-programme","status":"publish","type":"page","link":"http:\/\/ses-lfz.ch\/sesnet\/premiere-es\/chapitre-10-ordre-politique-et-legitimation\/ce-que-dit-le-programme\/","title":{"rendered":"Ce que dit le programme"},"content":{"rendered":"<p><strong>Ordre politique et l\u00e9gitimation<\/strong><\/p>\n<p>&nbsp;<\/p>\n<p><strong>I\u00a0: Pourquoi un ordre politique ?<\/strong><\/p>\n<p><em><u>Notions\u00a0:<\/u><\/em> \u00c9tat, \u00c9tat-nation, souverainet\u00e9<\/p>\n<p><em><u>Indications compl\u00e9mentaires\u00a0: <\/u><\/em>On mettra en \u00e9vidence l&rsquo;av\u00e8nement d&rsquo;un ordre politique distinct des ordres \u00e9conomiques, sociaux et culturels. On pourra prendre l&rsquo;exemple de l&rsquo;\u00e9volution de l&rsquo;\u00c9tat dans le monde occidental. On apprendra aux \u00e9l\u00e8ves \u00e0 distinguer la construction \u00e9tatique et la construction nationale.<\/p>\n<p>&nbsp;<\/p>\n<p><strong>II\u00a0: Quelles sont les formes institutionnelles de l&rsquo;ordre politique ?<\/strong><\/p>\n<p><em><u>Notions\u00a0:<\/u><\/em> \u00c9tat de droit, \u00c9tat unitaire \/ f\u00e9d\u00e9ral, d\u00e9mocratie repr\u00e9sentative \/ participative<\/p>\n<p><em><u>Indications compl\u00e9mentaires\u00a0: <\/u><\/em>On familiarisera les \u00e9l\u00e8ves au vocabulaire juridique et politique qui permet de distinguer les formes \u00e9tatiques et de pr\u00e9ciser le contexte institutionnel dans lequel elles se sont d\u00e9velopp\u00e9es. \u00c0 partir d&rsquo;exemples contemporains, on sensibilisera aussi les \u00e9l\u00e8ves \u00e0 l&rsquo;\u00e9mergence de nouvelles formes de participation politique et de l\u00e9gitimation d\u00e9mocratique.<\/p>\n","protected":false},"excerpt":{"rendered":"<p>Ordre politique et l\u00e9gitimation &nbsp; I\u00a0: Pourquoi un ordre politique ? Notions\u00a0: \u00c9tat, \u00c9tat-nation, souverainet\u00e9 Indications compl\u00e9mentaires\u00a0: On mettra en \u00e9vidence l&rsquo;av\u00e8nement d&rsquo;un ordre politique distinct des ordres \u00e9conomiques, sociaux et culturels. On pourra prendre l&rsquo;exemple de l&rsquo;\u00e9volution de l&rsquo;\u00c9tat dans le monde occidental. On apprendra aux \u00e9l\u00e8ves \u00e0 distinguer la construction \u00e9tatique et la [&hellip;]<\/p>\n","protected":false},"author":1,"featured_media":0,"parent":115,"menu_order":0,"comment_status":"closed","ping_status":"closed","template":"","meta":{"footnotes":""},"_links":{"self":[{"href":"http:\/\/ses-lfz.ch\/sesnet\/wp-json\/wp\/v2\/pages\/320"}],"collection":[{"href":"http:\/\/ses-lfz.ch\/sesnet\/wp-json\/wp\/v2\/pages"}],"about":[{"href":"http:\/\/ses-lfz.ch\/sesnet\/wp-json\/wp\/v2\/types\/page"}],"author":[{"embeddable":true,"href":"http:\/\/ses-lfz.ch\/sesnet\/wp-json\/wp\/v2\/users\/1"}],"replies":[{"embeddable":true,"href":"http:\/\/ses-lfz.ch\/sesnet\/wp-json\/wp\/v2\/comments?post=320"}],"version-history":[{"count":3,"href":"http:\/\/ses-lfz.ch\/sesnet\/wp-json\/wp\/v2\/pages\/320\/revisions"}],"predecessor-version":[{"id":337,"href":"http:\/\/ses-lfz.ch\/sesnet\/wp-json\/wp\/v2\/pages\/320\/revisions\/337"}],"up":[{"embeddable":true,"href":"http:\/\/ses-lfz.ch\/sesnet\/wp-json\/wp\/v2\/pages\/115"}],"wp:attachment":[{"href":"http:\/\/ses-lfz.ch\/sesnet\/wp-json\/wp\/v2\/media?parent=320"}],"curies":[{"name":"wp","href":"https:\/\/api.w.org\/{rel}","templated":true}]}}