{"id":340,"date":"2017-09-13T07:42:11","date_gmt":"2017-09-13T05:42:11","guid":{"rendered":"http:\/\/ses-lfz.ch\/sesnet\/?page_id=340"},"modified":"2018-10-02T12:33:14","modified_gmt":"2018-10-02T10:33:14","slug":"ressources-videos","status":"publish","type":"page","link":"http:\/\/ses-lfz.ch\/sesnet\/terminale-es\/chapitre-1\/ressources-videos\/","title":{"rendered":"Ressources vid\u00e9os"},"content":{"rendered":"<p><strong>vid\u00e9o 1 : La croissance<\/strong><br \/>\n<iframe loading=\"lazy\" src=\"https:\/\/www.youtube.com\/embed\/mcMJyHmjvv4\" width=\"560\" height=\"315\" frameborder=\"0\" allowfullscreen=\"allowfullscreen\"><\/iframe><\/p>\n<p><a href=\"https:\/\/vimeopro.com\/user36345481\/ses-tle-es-2015-978210104600\/video\/125129527\">vid\u00e9o 2 : La croissance c&rsquo;est fini<\/a><\/p>\n<p><a href=\"https:\/\/www.youtube.com\/watch?v=2Ia0JYgNscA\">vid\u00e9o 3 : Les sources de la croissance : le PIB et ses limites<\/a><\/p>\n<p>vid\u00e9o 4 : La fonction de production<\/p>\n<p><iframe loading=\"lazy\" src=\"https:\/\/www.youtube.com\/embed\/H8jrTJoKwP4\" width=\"560\" height=\"315\" frameborder=\"0\" allowfullscreen=\"allowfullscreen\"><\/iframe><\/p>\n<p><a href=\"https:\/\/www.youtube.com\/watch?v=2Ia0JYgNscA\">vid\u00e9o 5 : La croissance extensive et intensive<\/a><\/p>\n<p><a href=\"https:\/\/www.youtube.com\/watch?v=QqVp6XuR5E4\">vid\u00e9o 6 : La croissance endog\u00e8ne<\/a><\/p>\n<p><a href=\"https:\/\/www.youtube.com\/watch?v=QqVp6XuR5E4\">vid\u00e9o 7 : Le r\u00f4le des institutions<\/a><\/p>\n<p><iframe loading=\"lazy\" src=\"https:\/\/www.youtube.com\/embed\/QqVp6XuR5E4\" width=\"560\" height=\"315\" frameborder=\"0\" allowfullscreen=\"allowfullscreen\"><\/iframe><\/p>\n<p>&nbsp;<\/p>\n<p><strong>vid\u00e9o 8 : Dr Cac : L&rsquo;\u00e9conomie selon Joseph Schumpeter<\/strong><\/p>\n<p><iframe loading=\"lazy\" width=\"656\" height=\"369\" src=\"https:\/\/www.youtube.com\/embed\/ubMYyAIw658?feature=oembed\" frameborder=\"0\" allow=\"autoplay; encrypted-media\" allowfullscreen><\/iframe><\/p>\n<p>Les limites du PIB<br \/>\n<iframe loading=\"lazy\" src=\"https:\/\/www.youtube.com\/embed\/r2aHZX5_ulA\" width=\"560\" height=\"315\" frameborder=\"0\" allowfullscreen=\"allowfullscreen\"><\/iframe><\/p>\n<p><iframe loading=\"lazy\" src=\"https:\/\/www.youtube.com\/embed\/2Ia0JYgNscA\" width=\"560\" height=\"315\" frameborder=\"0\" allowfullscreen=\"allowfullscreen\"><\/iframe><\/p>\n<p>Vid\u00e9o 9 : Le r\u00f4le des institutions<br \/>\n<iframe loading=\"lazy\" width=\"560\" height=\"315\" src=\"https:\/\/www.youtube.com\/embed\/zcrC6bYOZnc\" frameborder=\"0\" allow=\"autoplay; encrypted-media\" allowfullscreen><\/iframe>nbsp;<\/p>\n<p>Vid\u00e9o 10 : Facteurs de production et croissance \u00e9conomique<iframe loading=\"lazy\" width=\"560\" height=\"315\" src=\"https:\/\/www.youtube.com\/embed\/-ZpOrhAJkss\" frameborder=\"0\" allow=\"autoplay; encrypted-media\" allowfullscreen><\/iframe><\/p>\n","protected":false},"excerpt":{"rendered":"<p>vid\u00e9o 1 : La croissance vid\u00e9o 2 : La croissance c&rsquo;est fini vid\u00e9o 3 : Les sources de la croissance : le PIB et ses limites vid\u00e9o 4 : La fonction de production vid\u00e9o 5 : La croissance extensive et intensive vid\u00e9o 6 : La croissance endog\u00e8ne vid\u00e9o 7 : Le r\u00f4le des institutions &nbsp; [&hellip;]<\/p>\n","protected":false},"author":1,"featured_media":0,"parent":41,"menu_order":0,"comment_status":"closed","ping_status":"closed","template":"","meta":{"footnotes":""},"_links":{"self":[{"href":"http:\/\/ses-lfz.ch\/sesnet\/wp-json\/wp\/v2\/pages\/340"}],"collection":[{"href":"http:\/\/ses-lfz.ch\/sesnet\/wp-json\/wp\/v2\/pages"}],"about":[{"href":"http:\/\/ses-lfz.ch\/sesnet\/wp-json\/wp\/v2\/types\/page"}],"author":[{"embeddable":true,"href":"http:\/\/ses-lfz.ch\/sesnet\/wp-json\/wp\/v2\/users\/1"}],"replies":[{"embeddable":true,"href":"http:\/\/ses-lfz.ch\/sesnet\/wp-json\/wp\/v2\/comments?post=340"}],"version-history":[{"count":19,"href":"http:\/\/ses-lfz.ch\/sesnet\/wp-json\/wp\/v2\/pages\/340\/revisions"}],"predecessor-version":[{"id":1255,"href":"http:\/\/ses-lfz.ch\/sesnet\/wp-json\/wp\/v2\/pages\/340\/revisions\/1255"}],"up":[{"embeddable":true,"href":"http:\/\/ses-lfz.ch\/sesnet\/wp-json\/wp\/v2\/pages\/41"}],"wp:attachment":[{"href":"http:\/\/ses-lfz.ch\/sesnet\/wp-json\/wp\/v2\/media?parent=340"}],"curies":[{"name":"wp","href":"https:\/\/api.w.org\/{rel}","templated":true}]}}