{"id":360,"date":"2017-09-13T23:24:37","date_gmt":"2017-09-13T21:24:37","guid":{"rendered":"http:\/\/ses-lfz.ch\/sesnet\/?page_id=360"},"modified":"2017-09-13T23:27:07","modified_gmt":"2017-09-13T21:27:07","slug":"ce-que-dit-le-programme","status":"publish","type":"page","link":"http:\/\/ses-lfz.ch\/sesnet\/terminale-es\/chapitre-1\/ce-que-dit-le-programme\/","title":{"rendered":"Ce que dit le programme"},"content":{"rendered":"<p><strong>Th\u00e8mes et questionnements<\/strong><\/p>\n<p>Quelles sont les sources de la croissance \u00e9conomique ?<\/p>\n<p>&nbsp;<\/p>\n<p><strong>Notions<\/strong><\/p>\n<p>PIB, IDH, investissement, progr\u00e8s technique, croissance endog\u00e8ne, productivit\u00e9 globale des facteurs, facteur travail, facteur capital.<\/p>\n<p>&nbsp;<\/p>\n<p><strong>Indications compl\u00e9mentaires<\/strong><\/p>\n<p>En s&rsquo;appuyant sur le programme de premi\u00e8re, on s&rsquo;interrogera sur l&rsquo;int\u00e9r\u00eat et les limites du PIB. L&rsquo;\u00e9tude de s\u00e9ries longues permettra de proc\u00e9der \u00e0 des comparaisons internationales. \u00c0 partir d&rsquo;une pr\u00e9sentation simple de la fonction de production, on exposera la mani\u00e8re dont la th\u00e9orie \u00e9conomique analyse le processus de croissance. On fera le lien entre la productivit\u00e9 globale des facteurs et le progr\u00e8s technique et on introduira la notion de croissance endog\u00e8ne en montrant que l&rsquo;accumulation du capital, sous ses diff\u00e9rentes formes participe \u00e0 l&rsquo;entretien de la croissance. On mettra l&rsquo;accent sur le r\u00f4le des institutions et des droits de propri\u00e9t\u00e9.<\/p>\n<p>&nbsp;<\/p>\n<p><strong>Acquis de premi\u00e8re <\/strong><\/p>\n<p>Facteurs de production, production marchande et non marchande, valeur ajout\u00e9e, productivit\u00e9, institutions, droits de propri\u00e9t\u00e9, externalit\u00e9s.<\/p>\n","protected":false},"excerpt":{"rendered":"<p>Th\u00e8mes et questionnements Quelles sont les sources de la croissance \u00e9conomique ? &nbsp; Notions PIB, IDH, investissement, progr\u00e8s technique, croissance endog\u00e8ne, productivit\u00e9 globale des facteurs, facteur travail, facteur capital. &nbsp; Indications compl\u00e9mentaires En s&rsquo;appuyant sur le programme de premi\u00e8re, on s&rsquo;interrogera sur l&rsquo;int\u00e9r\u00eat et les limites du PIB. L&rsquo;\u00e9tude de s\u00e9ries longues permettra de proc\u00e9der [&hellip;]<\/p>\n","protected":false},"author":1,"featured_media":0,"parent":41,"menu_order":0,"comment_status":"closed","ping_status":"closed","template":"","meta":{"footnotes":""},"_links":{"self":[{"href":"http:\/\/ses-lfz.ch\/sesnet\/wp-json\/wp\/v2\/pages\/360"}],"collection":[{"href":"http:\/\/ses-lfz.ch\/sesnet\/wp-json\/wp\/v2\/pages"}],"about":[{"href":"http:\/\/ses-lfz.ch\/sesnet\/wp-json\/wp\/v2\/types\/page"}],"author":[{"embeddable":true,"href":"http:\/\/ses-lfz.ch\/sesnet\/wp-json\/wp\/v2\/users\/1"}],"replies":[{"embeddable":true,"href":"http:\/\/ses-lfz.ch\/sesnet\/wp-json\/wp\/v2\/comments?post=360"}],"version-history":[{"count":3,"href":"http:\/\/ses-lfz.ch\/sesnet\/wp-json\/wp\/v2\/pages\/360\/revisions"}],"predecessor-version":[{"id":364,"href":"http:\/\/ses-lfz.ch\/sesnet\/wp-json\/wp\/v2\/pages\/360\/revisions\/364"}],"up":[{"embeddable":true,"href":"http:\/\/ses-lfz.ch\/sesnet\/wp-json\/wp\/v2\/pages\/41"}],"wp:attachment":[{"href":"http:\/\/ses-lfz.ch\/sesnet\/wp-json\/wp\/v2\/media?parent=360"}],"curies":[{"name":"wp","href":"https:\/\/api.w.org\/{rel}","templated":true}]}}