{"id":65,"date":"2017-07-18T19:12:26","date_gmt":"2017-07-18T17:12:26","guid":{"rendered":"http:\/\/ses-lfz.ch\/sesnet\/?page_id=65"},"modified":"2018-06-06T23:19:15","modified_gmt":"2018-06-06T21:19:15","slug":"chapitre-5-la-croissance-economique-et-sa-comptabilite-avec-la-preservation-de-lenvironnement","status":"publish","type":"page","link":"http:\/\/ses-lfz.ch\/sesnet\/terminale-es\/chapitre-5-la-croissance-economique-et-sa-comptabilite-avec-la-preservation-de-lenvironnement\/","title":{"rendered":"Chapitre 5 : La croissance \u00e9conomique et sa comptabilit\u00e9 avec la pr\u00e9servation de l\u2019environnement"},"content":{"rendered":"<h2><strong>I : Ce que dit le programme<\/strong><\/h2>\n<p><strong>Th\u00e8mes et questionnements<\/strong><\/p>\n<p>La croissance \u00e9conomique est-elle compatible avec la pr\u00e9servation de<br \/>\nl&rsquo;environnement ?<\/p>\n<p><strong>Notions :<\/strong><\/p>\n<p>Capital naturel, physique, humain, institutionnel, biens communs,<br \/>\nsoutenabilit\u00e9, r\u00e9glementation, taxation, march\u00e9 de quotas d&rsquo;\u00e9mission.<\/p>\n<p><strong>Indications compl\u00e9mentaires :<\/strong><\/p>\n<p>On expliquera pourquoi l&rsquo;analyse \u00e9conomique du d\u00e9veloppement durable, qui se fonde sur la pr\u00e9servation des possibilit\u00e9s de d\u00e9veloppement pour les g\u00e9n\u00e9rations futures, s&rsquo;int\u00e9resse au niveau et \u00e0 l&rsquo;\u00e9volution des stocks de chaque type de capital (accumulation et destruction) ainsi qu&rsquo;\u00e0 la question d\u00e9cisive du degr\u00e9 de substitution entre ces diff\u00e9rents capitaux.On \u00e9voquera, \u00e0 l&rsquo;aide d&rsquo;exemples, les limites \u00e9cologiques auxquelles se heurte la croissance \u00e9conomique (\u00e9puisement des ressources \u00e9nerg\u00e9tiques et des r\u00e9serves halieutiques, d\u00e9forestation, augmentation de la concentration des gaz \u00e0 effet de serre, etc.). L&rsquo;exemple de la politique climatique permettra d&rsquo;analyser les instruments dont disposent les pouvoirs publics pour mener des politiques environnementales. En lien avec le programme de premi\u00e8re sur les march\u00e9s et leurs d\u00e9faillances, on montrera la compl\u00e9mentarit\u00e9 des trois types d&rsquo;instruments que sont la r\u00e9glementation, la taxation, les march\u00e9s de quotas d&rsquo;\u00e9mission.<\/p>\n<p><strong>Acquis de premi\u00e8re\u00a0:<\/strong><\/p>\n<p>externalit\u00e9s, droits de propri\u00e9t\u00e9, offre et demande, d\u00e9faillances du march\u00e9.<\/p>\n<h2><strong>II\u00a0: Ressources vid\u00e9os<\/strong><\/h2>\n<p>Vid\u00e9o 1 :<\/p>\n<p><iframe loading=\"lazy\" src=\"\/\/www.dailymotion.com\/embed\/video\/x2xk4cd\" width=\"560\" height=\"315\" frameborder=\"0\" allowfullscreen=\"allowfullscreen\"><\/iframe><\/p>\n<p class=\"QueueInfoContent__title___2Gvkw\">Vid\u00e9o 2 : Emission de CO2, g\u00e9n\u00e9r\u00e9es par la combustion de l&rsquo;\u00e9nergie et la production de ciment entre 1990 et 2011<\/p>\n<p class=\"QueueInfoContent__title___2Gvkw\"><iframe loading=\"lazy\" src=\"\/\/www.dailymotion.com\/embed\/video\/x2xk4h4\" width=\"560\" height=\"315\" frameborder=\"0\" allowfullscreen=\"allowfullscreen\"><\/iframe><\/p>\n<p>&nbsp;<br \/>\nVid\u00e9o 2 : Les limites auxquelles se heurte la croissance<br \/>\n<iframe loading=\"lazy\" width=\"560\" height=\"315\" src=\"https:\/\/www.youtube.com\/embed\/lI-wtJJuM_M\" frameborder=\"0\" allow=\"autoplay; encrypted-media\" allowfullscreen><\/iframe><\/p>\n<p>Vid\u00e9o 3 : Les politiques environnementales<br \/>\n<iframe loading=\"lazy\" src=\"https:\/\/www.youtube.com\/embed\/Z0NoV8crR9M\" width=\"560\" height=\"315\" frameborder=\"0\" allowfullscreen=\"allowfullscreen\"><\/iframe><\/p>\n<p>Vid\u00e9o 4 : Comment l&rsquo;analyse \u00e9conomique con\u00e7oit-elle la pr\u00e9servation de l&rsquo;environnement ?<br \/>\n<iframe loading=\"lazy\" src=\"https:\/\/www.youtube.com\/embed\/DWkLnm1VZWI\" width=\"560\" height=\"315\" frameborder=\"0\" allowfullscreen=\"allowfullscreen\"><\/iframe><\/p>\n<p>Vid\u00e9o 5 : Des communs et des hommes &#8211; #DATAGUEULE 42<br \/>\n<iframe loading=\"lazy\" src=\"https:\/\/www.youtube.com\/embed\/qrgtbgjMfu0\" width=\"560\" height=\"315\" frameborder=\"0\" allowfullscreen=\"allowfullscreen\"><\/iframe><\/p>\n<p>Vid\u00e9o 6 : Le changement (climatique) c&rsquo;est maintenant &#8211; #DATAGUEULE 48<br \/>\n<iframe loading=\"lazy\" src=\"https:\/\/www.youtube.com\/embed\/OQBcrKqyHJI\" width=\"560\" height=\"315\" frameborder=\"0\" allowfullscreen=\"allowfullscreen\"><\/iframe><\/p>\n<p>Vid\u00e9o 7 : La plan\u00e8te vit \u00e0 cr\u00e9dit<br \/>\n<iframe loading=\"lazy\" src=\"\/\/embedftv-a.akamaihd.net\/d2caacea55d02c099d5a2f0e89a944a7\" width=\"560\" height=\"315\" frameborder=\"0\" scrolling=\"no\" allowfullscreen=\"allowfullscreen\"><\/iframe><\/p>\n","protected":false},"excerpt":{"rendered":"<p>I : Ce que dit le programme Th\u00e8mes et questionnements La croissance \u00e9conomique est-elle compatible avec la pr\u00e9servation de l&rsquo;environnement ? Notions : Capital naturel, physique, humain, institutionnel, biens communs, soutenabilit\u00e9, r\u00e9glementation, taxation, march\u00e9 de quotas d&rsquo;\u00e9mission. Indications compl\u00e9mentaires : On expliquera pourquoi l&rsquo;analyse \u00e9conomique du d\u00e9veloppement durable, qui se fonde sur la pr\u00e9servation des [&hellip;]<\/p>\n","protected":false},"author":1,"featured_media":0,"parent":8,"menu_order":0,"comment_status":"closed","ping_status":"closed","template":"","meta":{"footnotes":""},"_links":{"self":[{"href":"http:\/\/ses-lfz.ch\/sesnet\/wp-json\/wp\/v2\/pages\/65"}],"collection":[{"href":"http:\/\/ses-lfz.ch\/sesnet\/wp-json\/wp\/v2\/pages"}],"about":[{"href":"http:\/\/ses-lfz.ch\/sesnet\/wp-json\/wp\/v2\/types\/page"}],"author":[{"embeddable":true,"href":"http:\/\/ses-lfz.ch\/sesnet\/wp-json\/wp\/v2\/users\/1"}],"replies":[{"embeddable":true,"href":"http:\/\/ses-lfz.ch\/sesnet\/wp-json\/wp\/v2\/comments?post=65"}],"version-history":[{"count":18,"href":"http:\/\/ses-lfz.ch\/sesnet\/wp-json\/wp\/v2\/pages\/65\/revisions"}],"predecessor-version":[{"id":1215,"href":"http:\/\/ses-lfz.ch\/sesnet\/wp-json\/wp\/v2\/pages\/65\/revisions\/1215"}],"up":[{"embeddable":true,"href":"http:\/\/ses-lfz.ch\/sesnet\/wp-json\/wp\/v2\/pages\/8"}],"wp:attachment":[{"href":"http:\/\/ses-lfz.ch\/sesnet\/wp-json\/wp\/v2\/media?parent=65"}],"curies":[{"name":"wp","href":"https:\/\/api.w.org\/{rel}","templated":true}]}}