{"id":67,"date":"2017-07-18T19:13:06","date_gmt":"2017-07-18T17:13:06","guid":{"rendered":"http:\/\/ses-lfz.ch\/sesnet\/?page_id=67"},"modified":"2018-02-18T22:44:30","modified_gmt":"2018-02-18T21:44:30","slug":"chapitre-6-lanalyse-de-la-structure-sociale","status":"publish","type":"page","link":"http:\/\/ses-lfz.ch\/sesnet\/terminale-es\/chapitre-6-lanalyse-de-la-structure-sociale\/","title":{"rendered":"Chapitre 6 : L\u2019analyse de la structure sociale"},"content":{"rendered":"<h2><\/h2>\n<h2>I : Ce que dit le programme<\/h2>\n<p>&nbsp;<br \/>\n<strong>Th\u00e8mes et questionnements :<br \/>\n<\/strong><\/p>\n<p>Comment analyser la structure sociale ?<\/p>\n<p><strong>Notions :<\/strong><\/p>\n<p>In\u00e9galit\u00e9s \u00e9conomiques, in\u00e9galit\u00e9s sociales, classes sociales, groupes de statut, cat\u00e9gories socioprofessionnelles.<\/p>\n<p><strong>Indications compl\u00e9mentaires : <\/strong><\/p>\n<p>On mettra en \u00e9vidence le caract\u00e8re multiforme des in\u00e9galit\u00e9s \u00e9conomiques et sociales ainsi que leur aspect parfois cumulatif. On proc\u00e9dera \u00e0 des comparaisons en utilisant les principaux indicateurs et outils statistiques appropri\u00e9s. On pr\u00e9sentera les th\u00e9ories des classes et de la stratification sociale dans la tradition sociologique (Marx, Weber) ainsi que leurs prolongements contemporains et on s\u2019interrogera sur leur pertinence pour rendre compte de la dynamique de la structuration sociale. On mettra en \u00e9vidence la multiplicit\u00e9 des crit\u00e8res de diff\u00e9renciation sociale dans les soci\u00e9t\u00e9s post-industrielles (statut professionnel, \u00e2ge, sexe, style de vie).<\/p>\n<p><strong>Acquis de premi\u00e8re\u00a0:<\/strong><\/p>\n<p>salaire, revenu, profit, revenus de transfert, groupe social.<\/p>\n<p>&nbsp;<\/p>\n<h2>II : Ressources vid\u00e9os<\/h2>\n<p>&nbsp;<\/p>\n<h4>A) Vid\u00e9os pour le cours<\/h4>\n<p>&nbsp;<\/p>\n<h4 class=\"title style-scope ytd-video-primary-info-renderer\">Comment caract\u00e9riser les in\u00e9galit\u00e9s ?<\/h4>\n<p><iframe loading=\"lazy\" src=\"https:\/\/www.youtube.com\/embed\/v7z-4NJCZZI\" width=\"560\" height=\"315\" frameborder=\"0\" allowfullscreen=\"allowfullscreen\"><\/iframe><\/p>\n<h4 class=\"title style-scope ytd-video-primary-info-renderer\">Les th\u00e9ories des classes sociales<\/h4>\n<p><iframe loading=\"lazy\" src=\"https:\/\/www.youtube.com\/embed\/iekNHjllUb4\" width=\"560\" height=\"315\" frameborder=\"0\" allowfullscreen=\"allowfullscreen\"><\/iframe><\/p>\n<p><iframe loading=\"lazy\" src=\"\/\/www.dailymotion.com\/embed\/video\/x2xk4jh\" width=\"480\" height=\"270\" frameborder=\"0\" allowfullscreen=\"allowfullscreen\"><\/iframe><\/p>\n<h4>Comment analyser la structure sociale ?<\/h4>\n<h4><iframe loading=\"lazy\" src=\"\/\/www.dailymotion.com\/embed\/video\/x2xk4jd\" width=\"480\" height=\"270\" frameborder=\"0\" allowfullscreen=\"allowfullscreen\"><\/iframe><\/h4>\n<h4><iframe loading=\"lazy\" src=\"https:\/\/www.youtube.com\/embed\/2EaeJMjYQUU\" width=\"560\" height=\"315\" frameborder=\"0\" allowfullscreen=\"allowfullscreen\"><\/iframe><\/h4>\n<h4>Comment la structuration sociale \u00e9volue-t-elle ?<\/h4>\n<p><iframe loading=\"lazy\" src=\"https:\/\/www.youtube.com\/embed\/34_hGBG_DHo\" width=\"560\" height=\"315\" frameborder=\"0\" allowfullscreen=\"allowfullscreen\"><\/iframe><\/p>\n<p><iframe loading=\"lazy\" src=\"\/\/www.dailymotion.com\/embed\/video\/x2xk4j9\" width=\"480\" height=\"270\" frameborder=\"0\" allowfullscreen=\"allowfullscreen\"><\/iframe><\/p>\n<p>&nbsp;<\/p>\n<h4>B) S\u00e9ances d&rsquo;AP : Chroniques de la violence ordinaire \u2013 Les Mauvais gar\u00e7ons<\/h4>\n<p>Un documentaire de Christophe Nick, Pierre Bourgeois, David Carr-Brown et Patricia Bodet (2004),<br \/>\nCe film, l\u2019un des quatre volets d\u2019une s\u00e9rie passionnante sur les racines de la violence dans une banlieue, se rend dans le quartier la Commanderie, \u00e0 Nogent-sur-Oise, et en retrace l\u2019\u00e9volution: quarante ann\u00e9es d\u2019histoire de France en miniature o\u00f9 l\u2019on comprend comment des politiques d\u2019immigration et d\u2019am\u00e9nagement du territoire peuvent \u00e0 long terme compromettre l\u2019avenir de deux g\u00e9n\u00e9rations.<\/p>\n<p><a href=\"http:\/\/ses-lfz.ch\/sesnet\/wp-content\/uploads\/2017\/12\/teledoc_cvo-mauvaisgarcons.pdf\">Guide de pr\u00e9sentation du documentaire<\/a><\/p>\n<h4>Chroniques de la violence ordinaire &#8211; Les Mauvais gar\u00e7ons 1<\/h4>\n<h3><iframe loading=\"lazy\" src=\"\/\/www.dailymotion.com\/embed\/video\/x6npt5\" width=\"480\" height=\"270\" frameborder=\"0\" allowfullscreen=\"allowfullscreen\"><\/iframe><\/h3>\n<h4>Chroniques de la violence ordinaire &#8211; Les Mauvais gar\u00e7ons 2<\/h4>\n<h3><iframe loading=\"lazy\" src=\"\/\/www.dailymotion.com\/embed\/video\/x6npiq\" width=\"480\" height=\"270\" frameborder=\"0\" allowfullscreen=\"allowfullscreen\"><\/iframe><\/h3>\n<h4>Chroniques de la violence ordinaire &#8211; Les Mauvais gar\u00e7ons 3<\/h4>\n<h3><iframe loading=\"lazy\" src=\"\/\/www.dailymotion.com\/embed\/video\/x6no01\" width=\"480\" height=\"270\" frameborder=\"0\" allowfullscreen=\"allowfullscreen\"><\/iframe><\/h3>\n<h4>Chroniques de la violence ordinaire &#8211; Les Mauvais gar\u00e7ons 4<\/h4>\n<h3><iframe loading=\"lazy\" src=\"\/\/www.dailymotion.com\/embed\/video\/x6nngi\" width=\"480\" height=\"270\" frameborder=\"0\" allowfullscreen=\"allowfullscreen\"><\/iframe><\/h3>\n<h4>Chroniques de la violence ordinaire &#8211; Les Mauvais gar\u00e7ons 5<\/h4>\n<h3><iframe loading=\"lazy\" src=\"\/\/www.dailymotion.com\/embed\/video\/x6nmtl\" width=\"480\" height=\"270\" frameborder=\"0\" allowfullscreen=\"allowfullscreen\"><\/iframe><\/h3>\n<p>&nbsp;<\/p>\n","protected":false},"excerpt":{"rendered":"<p>I : Ce que dit le programme &nbsp; Th\u00e8mes et questionnements : Comment analyser la structure sociale ? Notions : In\u00e9galit\u00e9s \u00e9conomiques, in\u00e9galit\u00e9s sociales, classes sociales, groupes de statut, cat\u00e9gories socioprofessionnelles. Indications compl\u00e9mentaires : On mettra en \u00e9vidence le caract\u00e8re multiforme des in\u00e9galit\u00e9s \u00e9conomiques et sociales ainsi que leur aspect parfois cumulatif. On proc\u00e9dera \u00e0 [&hellip;]<\/p>\n","protected":false},"author":1,"featured_media":0,"parent":8,"menu_order":0,"comment_status":"closed","ping_status":"closed","template":"","meta":{"footnotes":""},"_links":{"self":[{"href":"http:\/\/ses-lfz.ch\/sesnet\/wp-json\/wp\/v2\/pages\/67"}],"collection":[{"href":"http:\/\/ses-lfz.ch\/sesnet\/wp-json\/wp\/v2\/pages"}],"about":[{"href":"http:\/\/ses-lfz.ch\/sesnet\/wp-json\/wp\/v2\/types\/page"}],"author":[{"embeddable":true,"href":"http:\/\/ses-lfz.ch\/sesnet\/wp-json\/wp\/v2\/users\/1"}],"replies":[{"embeddable":true,"href":"http:\/\/ses-lfz.ch\/sesnet\/wp-json\/wp\/v2\/comments?post=67"}],"version-history":[{"count":31,"href":"http:\/\/ses-lfz.ch\/sesnet\/wp-json\/wp\/v2\/pages\/67\/revisions"}],"predecessor-version":[{"id":830,"href":"http:\/\/ses-lfz.ch\/sesnet\/wp-json\/wp\/v2\/pages\/67\/revisions\/830"}],"up":[{"embeddable":true,"href":"http:\/\/ses-lfz.ch\/sesnet\/wp-json\/wp\/v2\/pages\/8"}],"wp:attachment":[{"href":"http:\/\/ses-lfz.ch\/sesnet\/wp-json\/wp\/v2\/media?parent=67"}],"curies":[{"name":"wp","href":"https:\/\/api.w.org\/{rel}","templated":true}]}}