{"id":687,"date":"2017-11-20T23:10:12","date_gmt":"2017-11-20T22:10:12","guid":{"rendered":"http:\/\/ses-lfz.ch\/sesnet\/?page_id=687"},"modified":"2018-03-03T16:26:02","modified_gmt":"2018-03-03T15:26:02","slug":"ce-que-dit-le-programme","status":"publish","type":"page","link":"http:\/\/ses-lfz.ch\/sesnet\/seconde-2-ses\/chapitre-2-la-competition-politique-en-democratie\/ce-que-dit-le-programme\/","title":{"rendered":"ce que dit le programme"},"content":{"rendered":"<h4>Th\u00e8mes et questionnements :<\/h4>\n<p><strong>Comment s&rsquo;organise la comp\u00e9tition politique en d\u00e9mocratie ?<\/strong><\/p>\n<p><strong>Notions :<\/strong> Pluralisme politique, modes de scrutin, parit\u00e9, d\u00e9mocratie d\u00e9lib\u00e9rative.<\/p>\n<p><strong>Indications compl\u00e9mentaires :<\/strong> Centr\u00e9 sur le gouvernement repr\u00e9sentatif, ce point<br \/>\npermettra d&rsquo;\u00e9tudier les enjeux socio-politiques de la comp\u00e9tition \u00e9lectorale contemporaine. Une attention particuli\u00e8re sera accord\u00e9e \u00e0 la place des organisations partisanes et aux effets des modes de scrutin (majoritaire, proportionnel notamment) sur la s\u00e9lection des gouvernants. On identifiera les biais li\u00e9s au genre et la difficult\u00e9 particuli\u00e8re rencontr\u00e9e pour assurer une repr\u00e9sentation \u00e9quitable des deux sexes en politique. On s&rsquo;interrogera sur les \u00e9volutions de la vie d\u00e9mocratique contemporaine en Europe et notamment les places respectives de la d\u00e9mocratie repr\u00e9sentative et d&rsquo;autres figures de la d\u00e9mocratie (participative, d\u00e9lib\u00e9rative).<\/p>\n<p><strong>Acquis de premi\u00e8re :<\/strong> d\u00e9mocratie repr\u00e9sentative, d\u00e9mocratie participative.<\/p>\n<p>&nbsp;<\/p>\n","protected":false},"excerpt":{"rendered":"<p>Th\u00e8mes et questionnements : Comment s&rsquo;organise la comp\u00e9tition politique en d\u00e9mocratie ? Notions : Pluralisme politique, modes de scrutin, parit\u00e9, d\u00e9mocratie d\u00e9lib\u00e9rative. Indications compl\u00e9mentaires : Centr\u00e9 sur le gouvernement repr\u00e9sentatif, ce point permettra d&rsquo;\u00e9tudier les enjeux socio-politiques de la comp\u00e9tition \u00e9lectorale contemporaine. Une attention particuli\u00e8re sera accord\u00e9e \u00e0 la place des organisations partisanes et aux [&hellip;]<\/p>\n","protected":false},"author":1,"featured_media":0,"parent":138,"menu_order":0,"comment_status":"closed","ping_status":"closed","template":"","meta":{"footnotes":""},"_links":{"self":[{"href":"http:\/\/ses-lfz.ch\/sesnet\/wp-json\/wp\/v2\/pages\/687"}],"collection":[{"href":"http:\/\/ses-lfz.ch\/sesnet\/wp-json\/wp\/v2\/pages"}],"about":[{"href":"http:\/\/ses-lfz.ch\/sesnet\/wp-json\/wp\/v2\/types\/page"}],"author":[{"embeddable":true,"href":"http:\/\/ses-lfz.ch\/sesnet\/wp-json\/wp\/v2\/users\/1"}],"replies":[{"embeddable":true,"href":"http:\/\/ses-lfz.ch\/sesnet\/wp-json\/wp\/v2\/comments?post=687"}],"version-history":[{"count":4,"href":"http:\/\/ses-lfz.ch\/sesnet\/wp-json\/wp\/v2\/pages\/687\/revisions"}],"predecessor-version":[{"id":991,"href":"http:\/\/ses-lfz.ch\/sesnet\/wp-json\/wp\/v2\/pages\/687\/revisions\/991"}],"up":[{"embeddable":true,"href":"http:\/\/ses-lfz.ch\/sesnet\/wp-json\/wp\/v2\/pages\/138"}],"wp:attachment":[{"href":"http:\/\/ses-lfz.ch\/sesnet\/wp-json\/wp\/v2\/media?parent=687"}],"curies":[{"name":"wp","href":"https:\/\/api.w.org\/{rel}","templated":true}]}}