{"id":79,"date":"2017-07-18T19:21:57","date_gmt":"2017-07-18T17:21:57","guid":{"rendered":"http:\/\/ses-lfz.ch\/sesnet\/?page_id=79"},"modified":"2018-06-06T23:09:27","modified_gmt":"2018-06-06T21:09:27","slug":"chapitre-12-les-politiques-de-lemploi","status":"publish","type":"page","link":"http:\/\/ses-lfz.ch\/sesnet\/terminale-es\/chapitre-12-les-politiques-de-lemploi\/","title":{"rendered":"Chapitre 12 : Les politiques de l\u2019emploi"},"content":{"rendered":"<h3><strong>I : Ce que dit le programme<\/strong><\/h3>\n<p>Th\u00e8mes et questionnements<\/p>\n<p>Quelles politiques pour l&#8217;emploi ?<\/p>\n<p><strong>Notions<\/strong><\/p>\n<p>Flexibilit\u00e9 du march\u00e9 du travail, taux de ch\u00f4mage, taux d&#8217;emploi, qualification,<br \/>\ndemande anticip\u00e9e, salariat, pr\u00e9carit\u00e9, pauvret\u00e9.<\/p>\n<p><strong>Indications compl\u00e9mentaires<\/strong><\/p>\n<p>Afin de montrer que la diversit\u00e9 des formes et des analyses du ch\u00f4mage explique la pluralit\u00e9 des politiques, on analysera les politiques macro\u00e9conomiques de soutien de la demande globale pour lutter contre le ch\u00f4mage keyn\u00e9sien, les politiques d&rsquo;all\u00e9gement du co\u00fbt du travail pour lutter contre le ch\u00f4mage classique, les politiques de formation et de flexibilisation pour r\u00e9duire la composante structurelle du ch\u00f4mage. On soulignera que les politiques de l&#8217;emploi sont aussi fond\u00e9es sur la prise en compte du r\u00f4le du travail et de l&#8217;emploi dans l&rsquo;int\u00e9gration sociale. On se demandera en quoi ce lien entre travail et int\u00e9gration sociale est fragilis\u00e9 par certaines \u00e9volutions de l&#8217;emploi.<\/p>\n<h3><strong>II : Ressources vid\u00e9os<\/strong><\/h3>\n<p>Vid\u00e9o 1 : Cons\u00e9quences des \u00e9volutions des emplois<br \/>\n<iframe loading=\"lazy\" frameborder=\"0\" width=\"560\" height=\"315\" src=\"\/\/www.dailymotion.com\/embed\/video\/x2xk4is\" allowfullscreen allow=\"autoplay\"><\/iframe><\/p>\n<p>Vid\u00e9o 2 : Les diff\u00e9rentes politiques de l\u2019emploi possibles<br \/>\n<iframe loading=\"lazy\" frameborder=\"0\" width=\"560\" height=\"315\" src=\"\/\/www.dailymotion.com\/embed\/video\/x2xk4iv\" allowfullscreen allow=\"autoplay\"><\/iframe><\/p>\n<p>Vid\u00e9o 3 : Comment lutter contre le ch\u00f4mage classique ?<br \/>\n<iframe loading=\"lazy\" width=\"560\" height=\"315\" src=\"https:\/\/www.youtube.com\/embed\/0vFa1lVG6mY\" frameborder=\"0\" allow=\"autoplay; encrypted-media\" allowfullscreen><\/iframe><\/p>\n<p>Vid\u00e9o 4 : Comment lutter contre le ch\u00f4mage keyn\u00e9sien ?<br \/>\n<iframe loading=\"lazy\" width=\"560\" height=\"315\" src=\"https:\/\/www.youtube.com\/embed\/Wjlbt-jrm7M\" frameborder=\"0\" allow=\"autoplay; encrypted-media\" allowfullscreen><\/iframe><\/p>\n<p>Vid\u00e9o 5 : Comment lutter contre le ch\u00f4mage structurel ?<br \/>\n<iframe loading=\"lazy\" width=\"560\" height=\"315\" src=\"https:\/\/www.youtube.com\/embed\/8KP7gsRzxQk\" frameborder=\"0\" allow=\"autoplay; encrypted-media\" allowfullscreen><\/iframe><\/p>\n<p>Vid\u00e9o 6 : Emploi et int\u00e9gration sociale<br \/>\n<iframe loading=\"lazy\" width=\"560\" height=\"315\" src=\"https:\/\/www.youtube.com\/embed\/Btt5o1l82D8\" frameborder=\"0\" allow=\"autoplay; encrypted-media\" allowfullscreen><\/iframe><\/p>\n<p>Vid\u00e9o 7 : MARCH\u00c9 DU TRAVAIL ET FLEXIBILIT\u00c9 (partie 1\/2)<br \/>\n<iframe loading=\"lazy\" width=\"560\" height=\"315\" src=\"https:\/\/www.youtube.com\/embed\/Imu6TfxxWNE\" frameborder=\"0\" allow=\"autoplay; encrypted-media\" allowfullscreen><\/iframe><\/p>\n<p>Vid\u00e9o 8 : MARCH\u00c9 DU TRAVAIL ET FLEXIBILIT\u00c9 (partie 2\/2)<br \/>\n<iframe loading=\"lazy\" width=\"560\" height=\"315\" src=\"https:\/\/www.youtube.com\/embed\/1v34Jq3anPI\" frameborder=\"0\" allow=\"autoplay; encrypted-media\" allowfullscreen><\/iframe><\/p>\n","protected":false},"excerpt":{"rendered":"<p>I : Ce que dit le programme Th\u00e8mes et questionnements Quelles politiques pour l&#8217;emploi ? Notions Flexibilit\u00e9 du march\u00e9 du travail, taux de ch\u00f4mage, taux d&#8217;emploi, qualification, demande anticip\u00e9e, salariat, pr\u00e9carit\u00e9, pauvret\u00e9. Indications compl\u00e9mentaires Afin de montrer que la diversit\u00e9 des formes et des analyses du ch\u00f4mage explique la pluralit\u00e9 des politiques, on analysera les [&hellip;]<\/p>\n","protected":false},"author":1,"featured_media":0,"parent":8,"menu_order":0,"comment_status":"closed","ping_status":"closed","template":"","meta":{"footnotes":""},"_links":{"self":[{"href":"http:\/\/ses-lfz.ch\/sesnet\/wp-json\/wp\/v2\/pages\/79"}],"collection":[{"href":"http:\/\/ses-lfz.ch\/sesnet\/wp-json\/wp\/v2\/pages"}],"about":[{"href":"http:\/\/ses-lfz.ch\/sesnet\/wp-json\/wp\/v2\/types\/page"}],"author":[{"embeddable":true,"href":"http:\/\/ses-lfz.ch\/sesnet\/wp-json\/wp\/v2\/users\/1"}],"replies":[{"embeddable":true,"href":"http:\/\/ses-lfz.ch\/sesnet\/wp-json\/wp\/v2\/comments?post=79"}],"version-history":[{"count":10,"href":"http:\/\/ses-lfz.ch\/sesnet\/wp-json\/wp\/v2\/pages\/79\/revisions"}],"predecessor-version":[{"id":1213,"href":"http:\/\/ses-lfz.ch\/sesnet\/wp-json\/wp\/v2\/pages\/79\/revisions\/1213"}],"up":[{"embeddable":true,"href":"http:\/\/ses-lfz.ch\/sesnet\/wp-json\/wp\/v2\/pages\/8"}],"wp:attachment":[{"href":"http:\/\/ses-lfz.ch\/sesnet\/wp-json\/wp\/v2\/media?parent=79"}],"curies":[{"name":"wp","href":"https:\/\/api.w.org\/{rel}","templated":true}]}}