{"id":8,"date":"2017-07-18T16:45:24","date_gmt":"2017-07-18T14:45:24","guid":{"rendered":"http:\/\/ses-lfz.ch\/sesnet\/?page_id=8"},"modified":"2017-08-30T19:14:15","modified_gmt":"2017-08-30T17:14:15","slug":"terminale-es","status":"publish","type":"page","link":"http:\/\/ses-lfz.ch\/sesnet\/terminale-es\/","title":{"rendered":"Terminale ES"},"content":{"rendered":"<h3 style=\"text-align: center;\"><strong><span style=\"color: #000080;\">Cours de Sciences \u00c9conomiques et Sociales en Terminale ES<br \/>\n<\/span><\/strong><\/h3>\n<h3>\u00a0<span style=\"color: #000080;\"><strong>Partie 1 : Sciences \u00c9conomiques<\/strong><\/span><\/h3>\n<p><a href=\"http:\/\/ses-lfz.ch\/sesnet\/terminale-es\/chapitre-1\/\"><strong><span style=\"color: #00ccff;\"><span style=\"color: #0000ff;\"><span style=\"color: #3366ff;\">Chapitre 1\u00a0: Les sources de la croissance \u00e9conomique<\/span><\/span><\/span><\/strong><\/a><\/p>\n<p><a href=\"http:\/\/ses-lfz.ch\/sesnet\/terminale-es\/chapitre-2-linstabilite-de-la-croissance\/\"><span style=\"color: #3366ff;\"><strong>Chapitre\u00a02 : L\u2019instabilit\u00e9 de la croissance<\/strong><\/span><\/a><\/p>\n<p><a href=\"http:\/\/ses-lfz.ch\/sesnet\/terminale-es\/chapitre-3-les-fondements-du-commerce-international-et-de-linternationalisation-de-la-production\/\"><span style=\"color: #3366ff;\"><strong>Chapitre\u00a03 : Les fondements du commerce international et de l\u2019internationalisation de la \u00a0\u00a0\u00a0\u00a0\u00a0\u00a0\u00a0\u00a0\u00a0production<\/strong><\/span><\/a><\/p>\n<p><a href=\"http:\/\/ses-lfz.ch\/sesnet\/terminale-es\/chapitre-4-la-place-de-lunion-europeenne-dans-leconomie-globale\/\"><span style=\"color: #3366ff;\"><strong>Chapitre\u00a04 : La place de l\u2019union europ\u00e9enne dans l\u2019\u00e9conomie globale<\/strong><\/span><\/a><\/p>\n<p><a href=\"http:\/\/ses-lfz.ch\/sesnet\/terminale-es\/chapitre-5-la-croissance-economique-et-sa-comptabilite-avec-la-preservation-de-lenvironnement\/\"><span style=\"color: #3366ff;\"><strong>Chapitre\u00a05 : La croissance \u00e9conomique et sa comptabilit\u00e9 avec la pr\u00e9servation de \u00a0 \u00a0\u00a0\u00a0\u00a0\u00a0\u00a0\u00a0\u00a0\u00a0\u00a0\u00a0 \u00a0\u00a0\u00a0\u00a0\u00a0\u00a0\u00a0\u00a0\u00a0l\u2019environnement<\/strong><\/span><\/a><\/p>\n<p>&nbsp;<\/p>\n<h3 style=\"padding-left: 30px;\"><span style=\"color: #000080;\"><strong><u>Partie 2 : Sociologie<\/u><\/strong><\/span><\/h3>\n<p><a href=\"http:\/\/ses-lfz.ch\/sesnet\/terminale-es\/chapitre-6-lanalyse-de-la-structure-sociale\/\"><span style=\"color: #3366ff;\"><strong>Chapitre\u00a06 : L\u2019analyse de la structure sociale<\/strong><\/span><\/a><\/p>\n<p><a href=\"http:\/\/ses-lfz.ch\/sesnet\/terminale-es\/chapitre-7-la-mobilite-sociale\/\"><span style=\"color: #3366ff;\"><strong>Chapitre\u00a07 : La mobilit\u00e9 sociale<\/strong><\/span><\/a><\/p>\n<p><a href=\"http:\/\/ses-lfz.ch\/sesnet\/terminale-es\/chapitre-8-les-liens-sociaux-dans-les-societes-individualistes\/\"><span style=\"color: #3366ff;\"><strong>Chapitre\u00a08 : Les liens sociaux dans les soci\u00e9t\u00e9s individualistes<\/strong><\/span><\/a><\/p>\n<p><a href=\"http:\/\/ses-lfz.ch\/sesnet\/terminale-es\/chapitre-9-le-conflit-social-et-ses-consequences\/\"><span style=\"color: #3366ff;\"><strong>Chapitre\u00a09 : Le conflit social et ses cons\u00e9quences<\/strong><\/span><\/a><\/p>\n<p><strong>\u00a0<\/strong><\/p>\n<h3 style=\"padding-left: 30px;\"><span style=\"color: #000080;\"><strong><u>Partie 3 : Regards crois\u00e9s<\/u><\/strong><\/span><\/h3>\n<p><span style=\"color: #3366ff;\"><strong>\u00a0<\/strong><a href=\"http:\/\/ses-lfz.ch\/sesnet\/terminale-es\/chapitre-10-pouvoir-public-et-justice-sociale\/\"><strong><span style=\"color: #3366ff;\">Chapitre\u00a010 : Pouvoir public et justice sociale<\/span><\/strong><\/a><\/span><\/p>\n<p><a href=\"http:\/\/ses-lfz.ch\/sesnet\/terminale-es\/chapitre-11-emploi-et-marche-du-travail\/\"><span style=\"color: #3366ff;\"><strong>\u00a0<\/strong><strong>Chapitre 11\u00a0: Emploi et march\u00e9 du travail<\/strong><\/span><\/a><\/p>\n<p><a href=\"http:\/\/ses-lfz.ch\/sesnet\/terminale-es\/chapitre-12-les-politiques-de-lemploi\/\"><span style=\"color: #3366ff;\"><strong>\u00a0<\/strong><strong>Chapitre 12\u00a0: Les politiques de l\u2019emploi<\/strong><\/span><\/a><\/p>\n<h3 style=\"padding-left: 30px;\"><span style=\"color: #000080;\"><strong><u>Autres<\/u><\/strong><\/span><\/h3>\n<p><a href=\"http:\/\/ses-lfz.ch\/sesnet\/programme-officiel\/\"><strong><span style=\"color: #3366ff;\">Programme officiel<\/span><\/strong><\/a><\/p>\n<p><a href=\"http:\/\/ses-lfz.ch\/sesnet\/terminale-es\/methodologie\/\"><strong><span style=\"color: #3366ff;\">M\u00e9thodologie<\/span><\/strong><\/a><\/p>\n","protected":false},"excerpt":{"rendered":"<p>Cours de Sciences \u00c9conomiques et Sociales en Terminale ES \u00a0Partie 1 : Sciences \u00c9conomiques Chapitre 1\u00a0: Les sources de la croissance \u00e9conomique Chapitre\u00a02 : L\u2019instabilit\u00e9 de la croissance Chapitre\u00a03 : Les fondements du commerce international et de l\u2019internationalisation de la \u00a0\u00a0\u00a0\u00a0\u00a0\u00a0\u00a0\u00a0\u00a0production Chapitre\u00a04 : La place de l\u2019union europ\u00e9enne dans l\u2019\u00e9conomie globale Chapitre\u00a05 : La croissance [&hellip;]<\/p>\n","protected":false},"author":1,"featured_media":0,"parent":0,"menu_order":0,"comment_status":"closed","ping_status":"closed","template":"","meta":{"footnotes":""},"_links":{"self":[{"href":"http:\/\/ses-lfz.ch\/sesnet\/wp-json\/wp\/v2\/pages\/8"}],"collection":[{"href":"http:\/\/ses-lfz.ch\/sesnet\/wp-json\/wp\/v2\/pages"}],"about":[{"href":"http:\/\/ses-lfz.ch\/sesnet\/wp-json\/wp\/v2\/types\/page"}],"author":[{"embeddable":true,"href":"http:\/\/ses-lfz.ch\/sesnet\/wp-json\/wp\/v2\/users\/1"}],"replies":[{"embeddable":true,"href":"http:\/\/ses-lfz.ch\/sesnet\/wp-json\/wp\/v2\/comments?post=8"}],"version-history":[{"count":10,"href":"http:\/\/ses-lfz.ch\/sesnet\/wp-json\/wp\/v2\/pages\/8\/revisions"}],"predecessor-version":[{"id":186,"href":"http:\/\/ses-lfz.ch\/sesnet\/wp-json\/wp\/v2\/pages\/8\/revisions\/186"}],"wp:attachment":[{"href":"http:\/\/ses-lfz.ch\/sesnet\/wp-json\/wp\/v2\/media?parent=8"}],"curies":[{"name":"wp","href":"https:\/\/api.w.org\/{rel}","templated":true}]}}