{"id":9,"date":"2017-07-18T16:45:24","date_gmt":"2017-07-18T14:45:24","guid":{"rendered":"http:\/\/ses-lfz.ch\/sesnet\/?page_id=9"},"modified":"2017-07-18T21:00:51","modified_gmt":"2017-07-18T19:00:51","slug":"premiere-es","status":"publish","type":"page","link":"http:\/\/ses-lfz.ch\/sesnet\/premiere-es\/","title":{"rendered":"Premi\u00e8re ES"},"content":{"rendered":"<h3 style=\"text-align: center;\"><span style=\"color: #000080;\"><strong>Cours de Sciences \u00c9conomiques et Sociales en Premi\u00e8re ES<br \/>\n<\/strong><\/span><\/h3>\n<h3><\/h3>\n<h3><span style=\"color: #000080;\"><strong><u>Partie 1 : Sciences \u00c9conomiques\u00a0 <\/u><\/strong><\/span><\/h3>\n<p><a href=\"http:\/\/ses-lfz.ch\/sesnet\/premiere-es\/chapitre-1-les-grandes-questions-des-economistes\/\"><span style=\"color: #3366ff;\"><strong>Chapitre 1\u00a0: Les grandes questions des \u00e9conomistes<\/strong><\/span><\/a><\/p>\n<p><a href=\"http:\/\/ses-lfz.ch\/sesnet\/premiere-es\/chapitre-2-la-production-dans-lentreprise\/\"><span style=\"color: #3366ff;\"><strong>Chapitre\u00a02 : La production dans l\u2019entreprise<\/strong><\/span><\/a><\/p>\n<p><a href=\"http:\/\/ses-lfz.ch\/sesnet\/premiere-es\/chapitre-3-marche-et-concurrence\/\"><span style=\"color: #3366ff;\"><strong>Chapitre\u00a03 : March\u00e9 et concurrence<\/strong><\/span><\/a><\/p>\n<p><a href=\"http:\/\/ses-lfz.ch\/sesnet\/premiere-es\/chapitre-4-les-limites-du-marche\/\"><span style=\"color: #3366ff;\"><strong>Chapitre\u00a04 : Les limites du march\u00e9<\/strong><\/span><\/a><\/p>\n<p><a href=\"http:\/\/ses-lfz.ch\/sesnet\/premiere-es\/chapitre-5-la-monnaie-et-le-financement-de-leconomie\/\"><span style=\"color: #3366ff;\"><strong>Chapitre 5 : La monnaie et le financement de l\u2019\u00e9conomie<\/strong><\/span><\/a><\/p>\n<p><a href=\"http:\/\/ses-lfz.ch\/sesnet\/premiere-es\/chapitre-6-le-role-economique-des-pouvoirs-publics-et-les-politiques-conjoncturelles\/\"><span style=\"color: #3366ff;\"><strong>Chapitre\u00a06 : Le r\u00f4le \u00e9conomique des pouvoirs publics et les politiques conjoncturelles<\/strong><\/span><\/a><\/p>\n<p><strong>\u00a0<\/strong><\/p>\n<p><span style=\"color: #000080;\"><strong><u>Partie 2 : Sociologie<\/u><\/strong><\/span><\/p>\n<p><a href=\"http:\/\/ses-lfz.ch\/sesnet\/premiere-es\/chapitre-7-socialisations-et-identites-sociales\/\"><span style=\"color: #3366ff;\"><strong>Chapitre\u00a07 : Socialisations et\u00a0 identit\u00e9s sociales<\/strong><\/span><\/a><\/p>\n<p><a href=\"http:\/\/ses-lfz.ch\/sesnet\/premiere-es\/chapitre-8-groupes-et-reseaux-sociaux\/\"><span style=\"color: #3366ff;\"><strong>Chapitre\u00a08 : Groupes et r\u00e9seaux sociaux<\/strong><\/span><\/a><\/p>\n<p><a href=\"http:\/\/ses-lfz.ch\/sesnet\/premiere-es\/chapitre-9-controle-social-et-deviance\/\"><span style=\"color: #3366ff;\"><strong>Chapitre\u00a09 : Contr\u00f4le social et d\u00e9viance<\/strong><\/span><\/a><\/p>\n<p><a href=\"http:\/\/ses-lfz.ch\/sesnet\/premiere-es\/chapitre-10-ordre-politique-et-legitimation\/\"><span style=\"color: #3366ff;\"><strong>Chapitre\u00a010 : Ordre politique et l\u00e9gitimation<\/strong><\/span><\/a><\/p>\n<p><strong>\u00a0<\/strong><\/p>\n<p><span style=\"color: #000080;\"><strong><u>Partie 3 : Regards crois\u00e9s<\/u><\/strong><\/span><\/p>\n<p><a href=\"http:\/\/ses-lfz.ch\/sesnet\/premiere-es\/chapitre-11-entreprise-institution-organisation\/\"><span style=\"color: #3366ff;\"><strong>Chapitre\u00a011 : Entreprise, institution, organisation<\/strong><\/span><\/a><\/p>\n<p><a href=\"http:\/\/ses-lfz.ch\/sesnet\/premiere-es\/chapitre-12-action-publique-et-regulation-sociale\/\"><span style=\"color: #3366ff;\"><strong>Chapitre\u00a012 : Action publique et r\u00e9gulation sociale<\/strong><\/span><\/a><\/p>\n<p>&nbsp;<\/p>\n<p><strong><span style=\"color: #000080;\"><u>Divers <\/u><\/span><u><br \/>\n<\/u><\/strong><\/p>\n<p><span style=\"color: #3366ff;\"><strong>Programme officiel<\/strong><\/span><\/p>\n<p><strong><span style=\"color: #3366ff;\">M\u00e9thodologie<\/span><\/strong><\/p>\n<p>&nbsp;<\/p>\n","protected":false},"excerpt":{"rendered":"<p>Cours de Sciences \u00c9conomiques et Sociales en Premi\u00e8re ES Partie 1 : Sciences \u00c9conomiques\u00a0 Chapitre 1\u00a0: Les grandes questions des \u00e9conomistes Chapitre\u00a02 : La production dans l\u2019entreprise Chapitre\u00a03 : March\u00e9 et concurrence Chapitre\u00a04 : Les limites du march\u00e9 Chapitre 5 : La monnaie et le financement de l\u2019\u00e9conomie Chapitre\u00a06 : Le r\u00f4le \u00e9conomique des pouvoirs [&hellip;]<\/p>\n","protected":false},"author":1,"featured_media":0,"parent":0,"menu_order":0,"comment_status":"closed","ping_status":"closed","template":"","meta":{"footnotes":""},"_links":{"self":[{"href":"http:\/\/ses-lfz.ch\/sesnet\/wp-json\/wp\/v2\/pages\/9"}],"collection":[{"href":"http:\/\/ses-lfz.ch\/sesnet\/wp-json\/wp\/v2\/pages"}],"about":[{"href":"http:\/\/ses-lfz.ch\/sesnet\/wp-json\/wp\/v2\/types\/page"}],"author":[{"embeddable":true,"href":"http:\/\/ses-lfz.ch\/sesnet\/wp-json\/wp\/v2\/users\/1"}],"replies":[{"embeddable":true,"href":"http:\/\/ses-lfz.ch\/sesnet\/wp-json\/wp\/v2\/comments?post=9"}],"version-history":[{"count":7,"href":"http:\/\/ses-lfz.ch\/sesnet\/wp-json\/wp\/v2\/pages\/9\/revisions"}],"predecessor-version":[{"id":121,"href":"http:\/\/ses-lfz.ch\/sesnet\/wp-json\/wp\/v2\/pages\/9\/revisions\/121"}],"wp:attachment":[{"href":"http:\/\/ses-lfz.ch\/sesnet\/wp-json\/wp\/v2\/media?parent=9"}],"curies":[{"name":"wp","href":"https:\/\/api.w.org\/{rel}","templated":true}]}}